{"id":1314,"date":"2023-12-01T15:05:54","date_gmt":"2023-12-01T20:05:54","guid":{"rendered":"https:\/\/www.dge.gob.pe\/portalnuevo\/?page_id=1314"},"modified":"2025-03-26T16:08:30","modified_gmt":"2025-03-26T21:08:30","slug":"carga-de-enfermedad","status":"publish","type":"page","link":"https:\/\/www.dge.gob.pe\/portalnuevo\/inteligencia-sanitaria\/investigacion-monitoreo-y-evaluacion\/carga-de-enfermedad\/","title":{"rendered":"Carga de enfermedad"},"content":{"rendered":"\t\t<div data-elementor-type=\"wp-page\" data-elementor-id=\"1314\" class=\"elementor elementor-1314\" data-elementor-post-type=\"page\">\n\t\t\t\t<div data-particle_enable=\"false\" data-particle-mobile-disabled=\"false\" class=\"elementor-element elementor-element-8bb022f e-flex e-con-boxed e-con e-parent\" data-id=\"8bb022f\" data-element_type=\"container\" data-settings=\"{&quot;jet_parallax_layout_list&quot;:[]}\">\n\t\t\t\t\t<div class=\"e-con-inner\">\n\t\t<div data-particle_enable=\"false\" data-particle-mobile-disabled=\"false\" class=\"elementor-element elementor-element-8ea34f8 e-con-full e-flex e-con e-child\" data-id=\"8ea34f8\" data-element_type=\"container\" data-settings=\"{&quot;jet_parallax_layout_list&quot;:[]}\">\n\t\t\t\t<div class=\"elementor-element elementor-element-fd864d3 eael-advanced-menu--no eael-hamburger--tablet elementor-widget elementor-widget-global elementor-global-7477 elementor-widget-eael-advanced-menu\" data-id=\"fd864d3\" data-element_type=\"widget\" id=\"menu_inteligencia_sanitaria\" data-widget_type=\"eael-advanced-menu.default\">\n\t\t\t\t<div class=\"elementor-widget-container\">\n\t\t\t\t\t<style>\n                        @media screen and (max-width: 1024px) {\n                            .eael-hamburger--tablet {\n                                .eael-advanced-menu-horizontal,\n                                .eael-advanced-menu-vertical {\n                                    display: none;\n                                }\n                            }\n                            .eael-hamburger--tablet {\n                                .eael-advanced-menu-container .eael-advanced-menu-toggle {\n                                    display: block;\n                                }\n                            }\n                        }\n                    <\/style>            <div data-hamburger-icon=\"&lt;i aria-hidden=&quot;true&quot; class=&quot;fas fa-bars&quot;&gt;&lt;\/i&gt;\" data-indicator-class=\"&lt;i aria-hidden=&quot;true&quot; class=&quot;fas fa-angle-down&quot;&gt;&lt;\/i&gt;\" data-dropdown-indicator-class=\"&lt;i aria-hidden=&quot;true&quot; class=&quot;fas fa-angle-down&quot;&gt;&lt;\/i&gt;\" class=\"eael-advanced-menu-container eael-advanced-menu-align-left eael-advanced-menu-dropdown-align-left\" data-hamburger-breakpoints=\"{&quot;mobile&quot;:&quot;M\\u00f3vil vertical (&gt; 767px)&quot;,&quot;tablet&quot;:&quot;Tableta vertical (&gt; 1024px)&quot;,&quot;desktop&quot;:&quot;Desktop (&gt; 2400px)&quot;,&quot;none&quot;:&quot;None&quot;}\" data-hamburger-device=\"tablet\">\n                <ul id=\"menu-menu-inteligencia-sanitaria\" class=\"eael-advanced-menu eael-advanced-menu-dropdown-animate-to-top eael-advanced-menu-indicator eael-advanced-menu-vertical\"><li id=\"menu-item-7459\" class=\"menu-item menu-item-type-post_type menu-item-object-page menu-item-7459\"><a href=\"https:\/\/www.dge.gob.pe\/portalnuevo\/inteligencia-sanitaria\/\" class=\"menu-link\">\u00bfQu\u00e9 es inteligencia sanitaria?<\/a><\/li>\n<li id=\"menu-item-7447\" class=\"menu-item menu-item-type-custom menu-item-object-custom menu-item-has-children menu-item-7447\"><a aria-expanded=\"false\" href=\"#\" class=\"menu-link\">An\u00e1lisis de Situaci\u00f3n de Salud \u2013 ASIS<span role=\"application\" class=\"dropdown-menu-toggle ast-header-navigation-arrow\" tabindex=\"0\" aria-expanded=\"false\" aria-label=\"Menu Toggle\" aria-haspopup=\"true\"><\/span><\/a>\n<ul class=\"sub-menu\">\n\t<li id=\"menu-item-7452\" class=\"menu-item menu-item-type-post_type menu-item-object-page menu-item-7452\"><a href=\"https:\/\/www.dge.gob.pe\/portalnuevo\/inteligencia-sanitaria\/analisis-de-situacion-de-salud-asis\/analisis-de-situacion-de-salud-asis\/\" class=\"menu-link\">An\u00e1lisis de Situaci\u00f3n de Salud (ASIS)<\/a><\/li>\n\t<li id=\"menu-item-7450\" class=\"menu-item menu-item-type-post_type menu-item-object-page menu-item-7450\"><a href=\"https:\/\/www.dge.gob.pe\/portalnuevo\/inteligencia-sanitaria\/analisis-de-situacion-de-salud-asis\/inidicadores-basicos-de-salud\/\" class=\"menu-link\">Indicadores b\u00e1sicos de salud<\/a><\/li>\n\t<li id=\"menu-item-7451\" class=\"menu-item menu-item-type-custom menu-item-object-custom menu-item-7451\"><a target=\"_blank\" href=\"https:\/\/odds.dge.gob.pe\/\" class=\"menu-link\">Observatorio de determinantes y desigualdades en Salud<\/a><\/li>\n<\/ul>\n<\/li>\n<li id=\"menu-item-7448\" class=\"menu-item menu-item-type-custom menu-item-object-custom menu-item-has-children menu-item-7448\"><a aria-expanded=\"false\" href=\"#\" class=\"menu-link\">Investigaci\u00f3n y evaluaci\u00f3n<span role=\"application\" class=\"dropdown-menu-toggle ast-header-navigation-arrow\" tabindex=\"0\" aria-expanded=\"false\" aria-label=\"Menu Toggle\" aria-haspopup=\"true\"><\/span><\/a>\n<ul class=\"sub-menu\">\n\t<li id=\"menu-item-8761\" class=\"menu-item menu-item-type-post_type menu-item-object-page menu-item-8761\"><a href=\"https:\/\/www.dge.gob.pe\/portalnuevo\/inteligencia-sanitaria\/investigacion-monitoreo-y-evaluacion\/unidad-tecnica-investigacion-y-evaluacion\/\" class=\"menu-link\">\u00bfQue es la Unidad t\u00e9cnica investigaci\u00f3n y evaluaci\u00f3n?<\/a><\/li>\n\t<li id=\"menu-item-7453\" class=\"menu-item menu-item-type-post_type menu-item-object-page menu-item-7453\"><a href=\"https:\/\/www.dge.gob.pe\/portalnuevo\/inteligencia-sanitaria\/investigacion-monitoreo-y-evaluacion\/carga-de-enfermedad\/\" class=\"menu-link\">Carga de enfermedad<\/a><\/li>\n\t<li id=\"menu-item-7454\" class=\"menu-item menu-item-type-post_type menu-item-object-page menu-item-7454\"><a href=\"https:\/\/www.dge.gob.pe\/portalnuevo\/inteligencia-sanitaria\/investigacion-monitoreo-y-evaluacion\/investigacion-epidemiologica\/\" class=\"menu-link\">Investigaci\u00f3n epidemiol\u00f3gica<\/a><\/li>\n\t<li id=\"menu-item-8731\" class=\"menu-item menu-item-type-post_type menu-item-object-page menu-item-8731\"><a href=\"https:\/\/www.dge.gob.pe\/portalnuevo\/inteligencia-sanitaria\/investigacion-monitoreo-y-evaluacion\/evaluacion\/\" class=\"menu-link\">Evaluaci\u00f3n<\/a><\/li>\n<\/ul>\n<\/li>\n<li id=\"menu-item-7449\" class=\"menu-item menu-item-type-custom menu-item-object-custom menu-item-has-children menu-item-7449\"><a aria-expanded=\"false\" href=\"#\" class=\"menu-link\">Capacitaci\u00f3n. Programa de Entrenamiento en Epidemiolog\u00eda de Campo (FETP)<span role=\"application\" class=\"dropdown-menu-toggle ast-header-navigation-arrow\" tabindex=\"0\" aria-expanded=\"false\" aria-label=\"Menu Toggle\" aria-haspopup=\"true\"><\/span><\/a>\n<ul class=\"sub-menu\">\n\t<li id=\"menu-item-7455\" class=\"menu-item menu-item-type-post_type menu-item-object-page menu-item-7455\"><a href=\"https:\/\/www.dge.gob.pe\/portalnuevo\/fetp-peru-preec\/\" class=\"menu-link\">FETP PER\u00da (PREEC)<\/a><\/li>\n\t<li id=\"menu-item-7456\" class=\"menu-item menu-item-type-post_type menu-item-object-page menu-item-7456\"><a href=\"https:\/\/www.dge.gob.pe\/portalnuevo\/inteligencia-sanitaria\/capacitacion-programa-de-enfermedades-en-epidemiologia-de-campo\/cursos-y-capacitaciones\/\" class=\"menu-link\">Cursos y capacitaciones<\/a><\/li>\n\t<li id=\"menu-item-7457\" class=\"menu-item menu-item-type-post_type menu-item-object-page menu-item-7457\"><a href=\"https:\/\/www.dge.gob.pe\/portalnuevo\/inteligencia-sanitaria\/capacitacion-programa-de-enfermedades-en-epidemiologia-de-campo\/aula-virtual\/\" class=\"menu-link\">Aula virtual<\/a><\/li>\n<\/ul>\n<\/li>\n<\/ul>                <button class=\"eael-advanced-menu-toggle\" aria-label=\"Essential Addons Toggle Menu\">\n                    <i aria-hidden=\"true\" class=\"fas fa-bars\"><\/i>                <\/button>\n            <\/div>\n            \t\t\t\t<\/div>\n\t\t\t\t<\/div>\n\t\t\t\t<\/div>\n\t\t<div data-particle_enable=\"false\" data-particle-mobile-disabled=\"false\" class=\"elementor-element elementor-element-b9c1bb8 e-con-full e-flex e-con e-child\" data-id=\"b9c1bb8\" data-element_type=\"container\" data-settings=\"{&quot;jet_parallax_layout_list&quot;:[]}\">\n\t\t\t\t<div class=\"elementor-element elementor-element-3b5f77b elementor-widget elementor-widget-heading\" data-id=\"3b5f77b\" data-element_type=\"widget\" data-widget_type=\"heading.default\">\n\t\t\t\t<div class=\"elementor-widget-container\">\n\t\t\t\t\t<h2 class=\"elementor-heading-title elementor-size-default\">Carga de efermedad<\/h2>\t\t\t\t<\/div>\n\t\t\t\t<\/div>\n\t\t\t\t<div class=\"elementor-element elementor-element-80b542f tab-custom-cdc elementor-widget elementor-widget-eael-adv-tabs\" data-id=\"80b542f\" data-element_type=\"widget\" data-widget_type=\"eael-adv-tabs.default\">\n\t\t\t\t<div class=\"elementor-widget-container\">\n\t\t\t\t\t        <div data-scroll-on-click=\"no\" data-scroll-speed=\"300\" id=\"eael-advance-tabs-80b542f\" class=\"eael-advance-tabs eael-tabs-horizontal eael-tab-auto-active \" data-tabid=\"80b542f\">\n            <div class=\"eael-tabs-nav \">\n                <ul class=\"\" role=\"tablist\">\n                                            <li id=\"qu-es-la-carga-de-enfermedad\" class=\"inactive eael-tab-item-trigger eael-tab-nav-item\" aria-selected=\"true\" data-tab=\"1\" role=\"tab\" tabindex=\"0\" aria-controls=\"qu-es-la-carga-de-enfermedad-tab\" aria-expanded=\"false\">\n                            \n                            \n                            \n                                                            <span class=\"eael-tab-title title-after-icon\" >\u00bfQu\u00e9 es la carga de enfermedad?<\/span>                                                    <\/li>\n                                            <li id=\"cmo-se-mide-\" class=\" eael-tab-item-trigger eael-tab-nav-item\" aria-selected=\"false\" data-tab=\"2\" role=\"tab\" tabindex=\"-1\" aria-controls=\"cmo-se-mide--tab\" aria-expanded=\"false\">\n                            \n                            \n                            \n                                                            <span class=\"eael-tab-title title-after-icon\" >\u00bfC\u00f3mo se mide? <\/span>                                                    <\/li>\n                                            <li id=\"descarga-de-documentos-de-carga-de-enfermedad\" class=\"inactive eael-tab-item-trigger eael-tab-nav-item\" aria-selected=\"false\" data-tab=\"3\" role=\"tab\" tabindex=\"-1\" aria-controls=\"descarga-de-documentos-de-carga-de-enfermedad-tab\" aria-expanded=\"false\">\n                            \n                            \n                            \n                                                            <span class=\"eael-tab-title title-after-icon\" >Descarga de documentos de  carga de enfermedad<\/span>                                                    <\/li>\n                                            <li id=\"carga-de-enfermedad-por-regiones-2018\" class=\"inactive eael-tab-item-trigger eael-tab-nav-item\" aria-selected=\"false\" data-tab=\"4\" role=\"tab\" tabindex=\"-1\" aria-controls=\"carga-de-enfermedad-por-regiones-2018-tab\" aria-expanded=\"false\">\n                            \n                            \n                            \n                                                            <span class=\"eael-tab-title title-after-icon\" >Carga de enfermedad  por regiones 2018<\/span>                                                    <\/li>\n                    \n                                  <\/ul>\n            <\/div>\n            \n            <div class=\"eael-tabs-content\">\n\t\t        \n                    <div id=\"qu-es-la-carga-de-enfermedad-tab\" class=\"clearfix eael-tab-content-item inactive\" data-title-link=\"qu-es-la-carga-de-enfermedad-tab\">\n\t\t\t\t        <p>El Ministerio de Salud es el ente rector y responsable de definir los lineamientos y pol\u00edticas del sector en el pa\u00eds; uno de los instrumentos utilizados en estos procesos son los estudios de carga de enfermedad. El Centro Nacional de Epidemiolog\u00eda, Prevenci\u00f3n y Control de Enfermedades (CDC) tiene a su cargo su elaboraci\u00f3n.<\/p><p>Los estudios de carga de enfermedad permiten medir en la poblaci\u00f3n objeto de estudio, el impacto combinado de los a\u00f1os perdidos de vida por muerte prematura, con los a\u00f1os perdidos de vida saludable por el padecimiento de enfermedades\u00a0 y lesiones, la exposici\u00f3n a los diferentes factores de riesgo o a los determinantes de salud. Los resultados se usan como un instrumento en la definici\u00f3n de prioridades en salud o incluso en la evaluaci\u00f3n del impacto de determinadas intervenciones sanitarias, as\u00ed como para plantear estrategias de intervenci\u00f3n por parte de los tomadores de decisiones.<\/p>                    <\/div>\n\t\t        \n                    <div id=\"cmo-se-mide--tab\" class=\"clearfix eael-tab-content-item \" data-title-link=\"cmo-se-mide--tab\">\n\t\t\t\t        <p>A trav\u00e9s de la determinaci\u00f3n de los a\u00f1os de vida ajustados por discapacidad (AVAD o\u00a0<i>Disability<\/i> <i>Adjusted<\/i> <i>Life<\/i> <i>Years<\/i>\u00a0o DALY). Esta cifra es el resultado del sumatorio de los a\u00f1os de vida perdidos por mortalidad prematura (AVP o\u00a0<i>years<\/i> <i>of<\/i> <i>life<\/i> <i>lost<\/i> <i>to<\/i><i> premature <\/i><i>death<\/i>\u00a0o YLL) y los a\u00f1os vividos con discapacidad (AVD o\u00a0<i>years<\/i> <i>lived<\/i> <i>with<\/i> <i>disability<\/i>\u00a0(YLD); es decir \u00a0mide las p\u00e9rdidas de salud en la poblaci\u00f3n que representan tanto las consecuencias mortales como las no mortales de las enfermedades y los factores de riesgo asociados a ellas.<\/p>                    <\/div>\n\t\t        \n                    <div id=\"descarga-de-documentos-de-carga-de-enfermedad-tab\" class=\"clearfix eael-tab-content-item inactive\" data-title-link=\"descarga-de-documentos-de-carga-de-enfermedad-tab\">\n\t\t\t\t        <ul><li>Estudios de carga de enfermedad en el Peru\u0301 y perspectivas futuras del estudio del 2019<a href=\"https:\/\/www.dge.gob.pe\/portalnuevo\/wp-content\/uploads\/2024\/05\/Estudios-de-carga-de-enfermedad-en-el-Peru-y-perspectivas-futuras.pdf\" target=\"_blank\" rel=\"noopener\"> | Descargar <i class=\"fa fa-file-pdf-o\" style=\"color: red;\"><\/i><\/a><\/li><li>Resultados del estudio de carga de enfermedad 2019<a href=\"https:\/\/www.dge.gob.pe\/portalnuevo\/wp-content\/uploads\/2024\/05\/Final_Estudio_Carga.pdf\" target=\"_blank\" rel=\"noopener\"> | Descargar <i class=\"fa fa-file-pdf-o\" style=\"color: red;\"><\/i><\/a><\/li><li>Carga de Enfermedad en el Per\u00fa. Estimaci\u00f3n de los A\u00f1os de Vida Saludables Perdidos 2019 \u2013 1\u00aa. Edici\u00f3n, mayo 2023<a href=\"https:\/\/www.dge.gob.pe\/portalnuevo\/wp-content\/uploads\/2024\/05\/CargaEnfermedad2019.pdf\" target=\"_blank\" rel=\"noopener noreferrer\"> | Descargar <i class=\"fa fa-file-pdf-o\" style=\"color: red;\"><\/i><\/a><\/li><li>Carga de Enfermedad y An\u00e1lisis de la Demanda \u2013 A\u00f1o 2016<a href=\"https:\/\/www.dge.gob.pe\/portal\/docs\/tools\/Cargaenfermedad2016.pdf\" target=\"_blank\" rel=\"noopener noreferrer\"> | Descargar <i class=\"fa fa-file-pdf-o\" style=\"color: red;\"><\/i><\/a><\/li><\/ul>                    <\/div>\n\t\t        \n                    <div id=\"carga-de-enfermedad-por-regiones-2018-tab\" class=\"clearfix eael-tab-content-item inactive\" data-title-link=\"carga-de-enfermedad-por-regiones-2018-tab\">\n\t\t\t\t        <h2>Carga de enfermedad por regiones. Per\u00fa, 2018<\/h2><p><iframe src=\"https:\/\/www.dge.gob.pe\/portal\/docs\/tools\/CargaEnfermedad\/2020\/maps\/\" width=\"100%\" height=\"500px\"><\/iframe><\/p>                    <\/div>\n\t\t                    <\/div>\n        <\/div>\n\t\t\t\t<\/div>\n\t\t\t\t<\/div>\n\t\t\t\t<\/div>\n\t\t\t\t\t<\/div>\n\t\t\t\t<\/div>\n\t\t\t\t<\/div>\n\t\t","protected":false},"excerpt":{"rendered":"<p>Inteligencia Sanitaria An\u00e1lisis de Situaci\u00f3n de Salud \u2013 ASIS Indicadores b\u00e1sicos de salud Observatorio de determinantes y desigualdades en salud An\u00e1lisis de Situaci\u00f3n de Salud (ASIS) Investigaci\u00f3n y evaluaci\u00f3n \u00bfQue es la Unidad t\u00e9cnica investigaci\u00f3n y evaluaci\u00f3n? Carga de enfermedad Investigaci\u00f3n epidemiol\u00f3gica Evaluaci\u00f3n Capacitaci\u00f3n, programa de enfermedades en epidemiolog\u00eda de campo FETP PER\u00da (PREEC) Cursos [&hellip;]<\/p>\n","protected":false},"author":1,"featured_media":0,"parent":1275,"menu_order":0,"comment_status":"closed","ping_status":"closed","template":"","meta":{"site-sidebar-layout":"default","site-content-layout":"","ast-site-content-layout":"default","site-content-style":"default","site-sidebar-style":"default","ast-global-header-display":"","ast-banner-title-visibility":"","ast-main-header-display":"","ast-hfb-above-header-display":"","ast-hfb-below-header-display":"","ast-hfb-mobile-header-display":"","site-post-title":"","ast-breadcrumbs-content":"","ast-featured-img":"","footer-sml-layout":"","ast-disable-related-posts":"","theme-transparent-header-meta":"","adv-header-id-meta":"","stick-header-meta":"","header-above-stick-meta":"","header-main-stick-meta":"","header-below-stick-meta":"","astra-migrate-meta-layouts":"default","ast-page-background-enabled":"default","ast-page-background-meta":{"desktop":{"background-color":"var(--ast-global-color-4)","background-image":"","background-repeat":"repeat","background-position":"center center","background-size":"auto","background-attachment":"scroll","background-type":"","background-media":"","overlay-type":"","overlay-color":"","overlay-opacity":"","overlay-gradient":""},"tablet":{"background-color":"","background-image":"","background-repeat":"repeat","background-position":"center center","background-size":"auto","background-attachment":"scroll","background-type":"","background-media":"","overlay-type":"","overlay-color":"","overlay-opacity":"","overlay-gradient":""},"mobile":{"background-color":"","background-image":"","background-repeat":"repeat","background-position":"center center","background-size":"auto","background-attachment":"scroll","background-type":"","background-media":"","overlay-type":"","overlay-color":"","overlay-opacity":"","overlay-gradient":""}},"ast-content-background-meta":{"desktop":{"background-color":"var(--ast-global-color-5)","background-image":"","background-repeat":"repeat","background-position":"center center","background-size":"auto","background-attachment":"scroll","background-type":"","background-media":"","overlay-type":"","overlay-color":"","overlay-opacity":"","overlay-gradient":""},"tablet":{"background-color":"var(--ast-global-color-5)","background-image":"","background-repeat":"repeat","background-position":"center center","background-size":"auto","background-attachment":"scroll","background-type":"","background-media":"","overlay-type":"","overlay-color":"","overlay-opacity":"","overlay-gradient":""},"mobile":{"background-color":"var(--ast-global-color-5)","background-image":"","background-repeat":"repeat","background-position":"center center","background-size":"auto","background-attachment":"scroll","background-type":"","background-media":"","overlay-type":"","overlay-color":"","overlay-opacity":"","overlay-gradient":""}},"footnotes":""},"class_list":["post-1314","page","type-page","status-publish","hentry"],"yoast_head":"<!-- This site is optimized with the Yoast SEO Premium plugin v26.6 (Yoast SEO v26.7) - https:\/\/yoast.com\/wordpress\/plugins\/seo\/ -->\n<title>Carga de enfermedad - Centro Nacional de Epidemiolog\u00eda Prevenci\u00f3n y Control de Enfermedades<\/title>\n<meta name=\"robots\" content=\"index, follow, max-snippet:-1, max-image-preview:large, max-video-preview:-1\" \/>\n<link rel=\"canonical\" href=\"https:\/\/www.dge.gob.pe\/portalnuevo\/inteligencia-sanitaria\/investigacion-monitoreo-y-evaluacion\/carga-de-enfermedad\/\" \/>\n<meta property=\"og:locale\" content=\"es_ES\" \/>\n<meta property=\"og:type\" content=\"article\" \/>\n<meta property=\"og:title\" content=\"Carga de enfermedad\" \/>\n<meta property=\"og:description\" content=\"Inteligencia Sanitaria An\u00e1lisis de Situaci\u00f3n de Salud \u2013 ASIS Indicadores b\u00e1sicos de salud Observatorio de determinantes y desigualdades en salud An\u00e1lisis de Situaci\u00f3n de Salud (ASIS) Investigaci\u00f3n y evaluaci\u00f3n \u00bfQue es la Unidad t\u00e9cnica investigaci\u00f3n y evaluaci\u00f3n? Carga de enfermedad Investigaci\u00f3n epidemiol\u00f3gica Evaluaci\u00f3n Capacitaci\u00f3n, programa de enfermedades en epidemiolog\u00eda de campo FETP PER\u00da (PREEC) Cursos [&hellip;]\" \/>\n<meta property=\"og:url\" content=\"https:\/\/www.dge.gob.pe\/portalnuevo\/inteligencia-sanitaria\/investigacion-monitoreo-y-evaluacion\/carga-de-enfermedad\/\" \/>\n<meta property=\"og:site_name\" content=\"Centro Nacional de Epidemiolog\u00eda Prevenci\u00f3n y Control de Enfermedades\" \/>\n<meta property=\"article:publisher\" content=\"https:\/\/www.facebook.com\/cdcperuminsa\" \/>\n<meta property=\"article:modified_time\" content=\"2025-03-26T21:08:30+00:00\" \/>\n<meta name=\"twitter:card\" content=\"summary_large_image\" \/>\n<meta name=\"twitter:site\" content=\"@cdc_peru\" \/>\n<meta name=\"twitter:label1\" content=\"Est. reading time\" \/>\n\t<meta name=\"twitter:data1\" content=\"2 minutos\" \/>\n<script type=\"application\/ld+json\" class=\"yoast-schema-graph\">{\"@context\":\"https:\/\/schema.org\",\"@graph\":[{\"@type\":\"WebPage\",\"@id\":\"https:\/\/www.dge.gob.pe\/portalnuevo\/inteligencia-sanitaria\/investigacion-monitoreo-y-evaluacion\/carga-de-enfermedad\/\",\"url\":\"https:\/\/www.dge.gob.pe\/portalnuevo\/inteligencia-sanitaria\/investigacion-monitoreo-y-evaluacion\/carga-de-enfermedad\/\",\"name\":\"Carga de enfermedad - Centro Nacional de Epidemiolog\u00eda Prevenci\u00f3n y Control de Enfermedades\",\"isPartOf\":{\"@id\":\"https:\/\/www.dge.gob.pe\/portalnuevo\/#website\"},\"datePublished\":\"2023-12-01T20:05:54+00:00\",\"dateModified\":\"2025-03-26T21:08:30+00:00\",\"breadcrumb\":{\"@id\":\"https:\/\/www.dge.gob.pe\/portalnuevo\/inteligencia-sanitaria\/investigacion-monitoreo-y-evaluacion\/carga-de-enfermedad\/#breadcrumb\"},\"inLanguage\":\"es-PE\",\"potentialAction\":[{\"@type\":\"ReadAction\",\"target\":[\"https:\/\/www.dge.gob.pe\/portalnuevo\/inteligencia-sanitaria\/investigacion-monitoreo-y-evaluacion\/carga-de-enfermedad\/\"]}]},{\"@type\":\"BreadcrumbList\",\"@id\":\"https:\/\/www.dge.gob.pe\/portalnuevo\/inteligencia-sanitaria\/investigacion-monitoreo-y-evaluacion\/carga-de-enfermedad\/#breadcrumb\",\"itemListElement\":[{\"@type\":\"ListItem\",\"position\":1,\"name\":\"Portada\",\"item\":\"https:\/\/www.dge.gob.pe\/portalnuevo\/\"},{\"@type\":\"ListItem\",\"position\":2,\"name\":\"Inteligencia Sanitaria\",\"item\":\"https:\/\/www.dge.gob.pe\/portalnuevo\/inteligencia-sanitaria\/\"},{\"@type\":\"ListItem\",\"position\":3,\"name\":\"Investigaci\u00f3n, monitoreo y evaluaci\u00f3n\",\"item\":\"https:\/\/www.dge.gob.pe\/portalnuevo\/?page_id=1275\"},{\"@type\":\"ListItem\",\"position\":4,\"name\":\"Carga de enfermedad\"}]},{\"@type\":\"WebSite\",\"@id\":\"https:\/\/www.dge.gob.pe\/portalnuevo\/#website\",\"url\":\"https:\/\/www.dge.gob.pe\/portalnuevo\/\",\"name\":\"Centro Nacional de Epidemiolog\u00eda Prevenci\u00f3n y Control de Enfermedades\",\"description\":\"\",\"publisher\":{\"@id\":\"https:\/\/www.dge.gob.pe\/portalnuevo\/#organization\"},\"potentialAction\":[{\"@type\":\"SearchAction\",\"target\":{\"@type\":\"EntryPoint\",\"urlTemplate\":\"https:\/\/www.dge.gob.pe\/portalnuevo\/?s={search_term_string}\"},\"query-input\":{\"@type\":\"PropertyValueSpecification\",\"valueRequired\":true,\"valueName\":\"search_term_string\"}}],\"inLanguage\":\"es-PE\"},{\"@type\":\"Organization\",\"@id\":\"https:\/\/www.dge.gob.pe\/portalnuevo\/#organization\",\"name\":\"Centro Nacional de Epidemiolog\u00eda Prevenci\u00f3n y Control de Enfermedades\",\"url\":\"https:\/\/www.dge.gob.pe\/portalnuevo\/\",\"logo\":{\"@type\":\"ImageObject\",\"inLanguage\":\"es-PE\",\"@id\":\"https:\/\/www.dge.gob.pe\/portalnuevo\/#\/schema\/logo\/image\/\",\"url\":\"https:\/\/www.dge.gob.pe\/portalnuevo\/wp-content\/uploads\/2023\/03\/logo_cdc.jpeg\",\"contentUrl\":\"https:\/\/www.dge.gob.pe\/portalnuevo\/wp-content\/uploads\/2023\/03\/logo_cdc.jpeg\",\"width\":1280,\"height\":127,\"caption\":\"Centro Nacional de Epidemiolog\u00eda Prevenci\u00f3n y Control de Enfermedades\"},\"image\":{\"@id\":\"https:\/\/www.dge.gob.pe\/portalnuevo\/#\/schema\/logo\/image\/\"},\"sameAs\":[\"https:\/\/www.facebook.com\/cdcperuminsa\",\"https:\/\/x.com\/cdc_peru\",\"https:\/\/www.youtube.com\/cdcperu\"]}]}<\/script>\n<!-- \/ Yoast SEO Premium plugin. -->","yoast_head_json":{"title":"Carga de enfermedad - Centro Nacional de Epidemiolog\u00eda Prevenci\u00f3n y Control de Enfermedades","robots":{"index":"index","follow":"follow","max-snippet":"max-snippet:-1","max-image-preview":"max-image-preview:large","max-video-preview":"max-video-preview:-1"},"canonical":"https:\/\/www.dge.gob.pe\/portalnuevo\/inteligencia-sanitaria\/investigacion-monitoreo-y-evaluacion\/carga-de-enfermedad\/","og_locale":"es_ES","og_type":"article","og_title":"Carga de enfermedad","og_description":"Inteligencia Sanitaria An\u00e1lisis de Situaci\u00f3n de Salud \u2013 ASIS Indicadores b\u00e1sicos de salud Observatorio de determinantes y desigualdades en salud An\u00e1lisis de Situaci\u00f3n de Salud (ASIS) Investigaci\u00f3n y evaluaci\u00f3n \u00bfQue es la Unidad t\u00e9cnica investigaci\u00f3n y evaluaci\u00f3n? Carga de enfermedad Investigaci\u00f3n epidemiol\u00f3gica Evaluaci\u00f3n Capacitaci\u00f3n, programa de enfermedades en epidemiolog\u00eda de campo FETP PER\u00da (PREEC) Cursos [&hellip;]","og_url":"https:\/\/www.dge.gob.pe\/portalnuevo\/inteligencia-sanitaria\/investigacion-monitoreo-y-evaluacion\/carga-de-enfermedad\/","og_site_name":"Centro Nacional de Epidemiolog\u00eda Prevenci\u00f3n y Control de Enfermedades","article_publisher":"https:\/\/www.facebook.com\/cdcperuminsa","article_modified_time":"2025-03-26T21:08:30+00:00","twitter_card":"summary_large_image","twitter_site":"@cdc_peru","twitter_misc":{"Est. reading time":"2 minutos"},"schema":{"@context":"https:\/\/schema.org","@graph":[{"@type":"WebPage","@id":"https:\/\/www.dge.gob.pe\/portalnuevo\/inteligencia-sanitaria\/investigacion-monitoreo-y-evaluacion\/carga-de-enfermedad\/","url":"https:\/\/www.dge.gob.pe\/portalnuevo\/inteligencia-sanitaria\/investigacion-monitoreo-y-evaluacion\/carga-de-enfermedad\/","name":"Carga de enfermedad - Centro Nacional de Epidemiolog\u00eda Prevenci\u00f3n y Control de Enfermedades","isPartOf":{"@id":"https:\/\/www.dge.gob.pe\/portalnuevo\/#website"},"datePublished":"2023-12-01T20:05:54+00:00","dateModified":"2025-03-26T21:08:30+00:00","breadcrumb":{"@id":"https:\/\/www.dge.gob.pe\/portalnuevo\/inteligencia-sanitaria\/investigacion-monitoreo-y-evaluacion\/carga-de-enfermedad\/#breadcrumb"},"inLanguage":"es-PE","potentialAction":[{"@type":"ReadAction","target":["https:\/\/www.dge.gob.pe\/portalnuevo\/inteligencia-sanitaria\/investigacion-monitoreo-y-evaluacion\/carga-de-enfermedad\/"]}]},{"@type":"BreadcrumbList","@id":"https:\/\/www.dge.gob.pe\/portalnuevo\/inteligencia-sanitaria\/investigacion-monitoreo-y-evaluacion\/carga-de-enfermedad\/#breadcrumb","itemListElement":[{"@type":"ListItem","position":1,"name":"Portada","item":"https:\/\/www.dge.gob.pe\/portalnuevo\/"},{"@type":"ListItem","position":2,"name":"Inteligencia Sanitaria","item":"https:\/\/www.dge.gob.pe\/portalnuevo\/inteligencia-sanitaria\/"},{"@type":"ListItem","position":3,"name":"Investigaci\u00f3n, monitoreo y evaluaci\u00f3n","item":"https:\/\/www.dge.gob.pe\/portalnuevo\/?page_id=1275"},{"@type":"ListItem","position":4,"name":"Carga de enfermedad"}]},{"@type":"WebSite","@id":"https:\/\/www.dge.gob.pe\/portalnuevo\/#website","url":"https:\/\/www.dge.gob.pe\/portalnuevo\/","name":"Centro Nacional de Epidemiolog\u00eda Prevenci\u00f3n y Control de Enfermedades","description":"","publisher":{"@id":"https:\/\/www.dge.gob.pe\/portalnuevo\/#organization"},"potentialAction":[{"@type":"SearchAction","target":{"@type":"EntryPoint","urlTemplate":"https:\/\/www.dge.gob.pe\/portalnuevo\/?s={search_term_string}"},"query-input":{"@type":"PropertyValueSpecification","valueRequired":true,"valueName":"search_term_string"}}],"inLanguage":"es-PE"},{"@type":"Organization","@id":"https:\/\/www.dge.gob.pe\/portalnuevo\/#organization","name":"Centro Nacional de Epidemiolog\u00eda Prevenci\u00f3n y Control de Enfermedades","url":"https:\/\/www.dge.gob.pe\/portalnuevo\/","logo":{"@type":"ImageObject","inLanguage":"es-PE","@id":"https:\/\/www.dge.gob.pe\/portalnuevo\/#\/schema\/logo\/image\/","url":"https:\/\/www.dge.gob.pe\/portalnuevo\/wp-content\/uploads\/2023\/03\/logo_cdc.jpeg","contentUrl":"https:\/\/www.dge.gob.pe\/portalnuevo\/wp-content\/uploads\/2023\/03\/logo_cdc.jpeg","width":1280,"height":127,"caption":"Centro Nacional de Epidemiolog\u00eda Prevenci\u00f3n y Control de Enfermedades"},"image":{"@id":"https:\/\/www.dge.gob.pe\/portalnuevo\/#\/schema\/logo\/image\/"},"sameAs":["https:\/\/www.facebook.com\/cdcperuminsa","https:\/\/x.com\/cdc_peru","https:\/\/www.youtube.com\/cdcperu"]}]}},"_links":{"self":[{"href":"https:\/\/www.dge.gob.pe\/portalnuevo\/wp-json\/wp\/v2\/pages\/1314","targetHints":{"allow":["GET"]}}],"collection":[{"href":"https:\/\/www.dge.gob.pe\/portalnuevo\/wp-json\/wp\/v2\/pages"}],"about":[{"href":"https:\/\/www.dge.gob.pe\/portalnuevo\/wp-json\/wp\/v2\/types\/page"}],"author":[{"embeddable":true,"href":"https:\/\/www.dge.gob.pe\/portalnuevo\/wp-json\/wp\/v2\/users\/1"}],"replies":[{"embeddable":true,"href":"https:\/\/www.dge.gob.pe\/portalnuevo\/wp-json\/wp\/v2\/comments?post=1314"}],"version-history":[{"count":101,"href":"https:\/\/www.dge.gob.pe\/portalnuevo\/wp-json\/wp\/v2\/pages\/1314\/revisions"}],"predecessor-version":[{"id":8767,"href":"https:\/\/www.dge.gob.pe\/portalnuevo\/wp-json\/wp\/v2\/pages\/1314\/revisions\/8767"}],"up":[{"embeddable":true,"href":"https:\/\/www.dge.gob.pe\/portalnuevo\/wp-json\/wp\/v2\/pages\/1275"}],"wp:attachment":[{"href":"https:\/\/www.dge.gob.pe\/portalnuevo\/wp-json\/wp\/v2\/media?parent=1314"}],"curies":[{"name":"wp","href":"https:\/\/api.w.org\/{rel}","templated":true}]}}