{"id":2762,"date":"2024-02-09T12:12:13","date_gmt":"2024-02-09T17:12:13","guid":{"rendered":"https:\/\/www.dge.gob.pe\/portalnuevo\/?page_id=2762"},"modified":"2026-03-31T15:28:14","modified_gmt":"2026-03-31T20:28:14","slug":"investigacion-epidemiologica","status":"publish","type":"page","link":"https:\/\/www.dge.gob.pe\/portalnuevo\/inteligencia-sanitaria\/investigacion-monitoreo-y-evaluacion\/investigacion-epidemiologica\/","title":{"rendered":"Investigaci\u00f3n epidemiol\u00f3gica"},"content":{"rendered":"\t\t<div data-elementor-type=\"wp-page\" data-elementor-id=\"2762\" class=\"elementor elementor-2762\" data-elementor-post-type=\"page\">\n\t\t\t\t<div data-particle_enable=\"false\" data-particle-mobile-disabled=\"false\" class=\"elementor-element elementor-element-14369a2 e-flex e-con-boxed e-con e-parent\" data-id=\"14369a2\" data-element_type=\"container\" data-settings=\"{&quot;jet_parallax_layout_list&quot;:[]}\">\n\t\t\t\t\t<div class=\"e-con-inner\">\n\t\t<div data-particle_enable=\"false\" data-particle-mobile-disabled=\"false\" class=\"elementor-element elementor-element-1d4064b e-con-full e-flex e-con e-child\" data-id=\"1d4064b\" data-element_type=\"container\" data-settings=\"{&quot;jet_parallax_layout_list&quot;:[]}\">\n\t\t\t\t<div class=\"elementor-element elementor-element-b4c95b1 eael-advanced-menu--no eael-hamburger--tablet elementor-widget elementor-widget-global elementor-global-7477 elementor-widget-eael-advanced-menu\" data-id=\"b4c95b1\" data-element_type=\"widget\" id=\"menu_inteligencia_sanitaria\" data-widget_type=\"eael-advanced-menu.default\">\n\t\t\t\t<div class=\"elementor-widget-container\">\n\t\t\t\t\t<style>\n                        @media screen and (max-width: 1024px) {\n                            .eael-hamburger--tablet {\n                                .eael-advanced-menu-horizontal,\n                                .eael-advanced-menu-vertical {\n                                    display: none;\n                                }\n                            }\n                            .eael-hamburger--tablet {\n                                .eael-advanced-menu-container .eael-advanced-menu-toggle {\n                                    display: block;\n                                }\n                            }\n                        }\n                    <\/style>            <div data-hamburger-icon=\"&lt;i aria-hidden=&quot;true&quot; class=&quot;fas fa-bars&quot;&gt;&lt;\/i&gt;\" data-indicator-class=\"&lt;i aria-hidden=&quot;true&quot; class=&quot;fas fa-angle-down&quot;&gt;&lt;\/i&gt;\" data-dropdown-indicator-class=\"&lt;i aria-hidden=&quot;true&quot; class=&quot;fas fa-angle-down&quot;&gt;&lt;\/i&gt;\" class=\"eael-advanced-menu-container eael-advanced-menu-align-left eael-advanced-menu-dropdown-align-left\" data-hamburger-breakpoints=\"{&quot;mobile&quot;:&quot;M\\u00f3vil vertical (&gt; 767px)&quot;,&quot;tablet&quot;:&quot;Tableta vertical (&gt; 1024px)&quot;,&quot;desktop&quot;:&quot;Desktop (&gt; 2400px)&quot;,&quot;none&quot;:&quot;None&quot;}\" data-hamburger-device=\"tablet\">\n                <ul id=\"menu-menu-inteligencia-sanitaria\" class=\"eael-advanced-menu eael-advanced-menu-dropdown-animate-to-top eael-advanced-menu-indicator eael-advanced-menu-vertical\"><li id=\"menu-item-7459\" class=\"menu-item menu-item-type-post_type menu-item-object-page menu-item-7459\"><a href=\"https:\/\/www.dge.gob.pe\/portalnuevo\/inteligencia-sanitaria\/\" class=\"menu-link\">\u00bfQu\u00e9 es inteligencia sanitaria?<\/a><\/li>\n<li id=\"menu-item-7447\" class=\"menu-item menu-item-type-custom menu-item-object-custom menu-item-has-children menu-item-7447\"><a aria-expanded=\"false\" href=\"#\" class=\"menu-link\">An\u00e1lisis de Situaci\u00f3n de Salud \u2013 ASIS<span role=\"application\" class=\"dropdown-menu-toggle ast-header-navigation-arrow\" tabindex=\"0\" aria-expanded=\"false\" aria-label=\"Menu Toggle\" aria-haspopup=\"true\"><\/span><\/a>\n<ul class=\"sub-menu\">\n\t<li id=\"menu-item-7452\" class=\"menu-item menu-item-type-post_type menu-item-object-page menu-item-7452\"><a href=\"https:\/\/www.dge.gob.pe\/portalnuevo\/inteligencia-sanitaria\/analisis-de-situacion-de-salud-asis\/analisis-de-situacion-de-salud-asis\/\" class=\"menu-link\">An\u00e1lisis de Situaci\u00f3n de Salud (ASIS)<\/a><\/li>\n\t<li id=\"menu-item-7450\" class=\"menu-item menu-item-type-post_type menu-item-object-page menu-item-7450\"><a href=\"https:\/\/www.dge.gob.pe\/portalnuevo\/inteligencia-sanitaria\/analisis-de-situacion-de-salud-asis\/inidicadores-basicos-de-salud\/\" class=\"menu-link\">Indicadores b\u00e1sicos de salud<\/a><\/li>\n\t<li id=\"menu-item-7451\" class=\"menu-item menu-item-type-custom menu-item-object-custom menu-item-7451\"><a target=\"_blank\" href=\"https:\/\/odds.dge.gob.pe\/\" class=\"menu-link\">Observatorio de determinantes y desigualdades en Salud<\/a><\/li>\n<\/ul>\n<\/li>\n<li id=\"menu-item-7448\" class=\"menu-item menu-item-type-custom menu-item-object-custom menu-item-has-children menu-item-7448\"><a aria-expanded=\"false\" href=\"#\" class=\"menu-link\">Investigaci\u00f3n y evaluaci\u00f3n<span role=\"application\" class=\"dropdown-menu-toggle ast-header-navigation-arrow\" tabindex=\"0\" aria-expanded=\"false\" aria-label=\"Menu Toggle\" aria-haspopup=\"true\"><\/span><\/a>\n<ul class=\"sub-menu\">\n\t<li id=\"menu-item-8761\" class=\"menu-item menu-item-type-post_type menu-item-object-page menu-item-8761\"><a href=\"https:\/\/www.dge.gob.pe\/portalnuevo\/inteligencia-sanitaria\/investigacion-monitoreo-y-evaluacion\/unidad-tecnica-investigacion-y-evaluacion\/\" class=\"menu-link\">\u00bfQue es la Unidad t\u00e9cnica investigaci\u00f3n y evaluaci\u00f3n?<\/a><\/li>\n\t<li id=\"menu-item-7453\" class=\"menu-item menu-item-type-post_type menu-item-object-page menu-item-7453\"><a href=\"https:\/\/www.dge.gob.pe\/portalnuevo\/inteligencia-sanitaria\/investigacion-monitoreo-y-evaluacion\/carga-de-enfermedad\/\" class=\"menu-link\">Carga de enfermedad<\/a><\/li>\n\t<li id=\"menu-item-7454\" class=\"menu-item menu-item-type-post_type menu-item-object-page menu-item-7454\"><a href=\"https:\/\/www.dge.gob.pe\/portalnuevo\/inteligencia-sanitaria\/investigacion-monitoreo-y-evaluacion\/investigacion-epidemiologica\/\" class=\"menu-link\">Investigaci\u00f3n epidemiol\u00f3gica<\/a><\/li>\n\t<li id=\"menu-item-8731\" class=\"menu-item menu-item-type-post_type menu-item-object-page menu-item-8731\"><a href=\"https:\/\/www.dge.gob.pe\/portalnuevo\/inteligencia-sanitaria\/investigacion-monitoreo-y-evaluacion\/evaluacion\/\" class=\"menu-link\">Evaluaci\u00f3n<\/a><\/li>\n<\/ul>\n<\/li>\n<li id=\"menu-item-7449\" class=\"menu-item menu-item-type-custom menu-item-object-custom menu-item-has-children menu-item-7449\"><a aria-expanded=\"false\" href=\"#\" class=\"menu-link\">Capacitaci\u00f3n. Programa de Entrenamiento en Epidemiolog\u00eda de Campo (FETP)<span role=\"application\" class=\"dropdown-menu-toggle ast-header-navigation-arrow\" tabindex=\"0\" aria-expanded=\"false\" aria-label=\"Menu Toggle\" aria-haspopup=\"true\"><\/span><\/a>\n<ul class=\"sub-menu\">\n\t<li id=\"menu-item-7455\" class=\"menu-item menu-item-type-post_type menu-item-object-page menu-item-7455\"><a href=\"https:\/\/www.dge.gob.pe\/portalnuevo\/fetp-peru-preec\/\" class=\"menu-link\">FETP PER\u00da (PREEC)<\/a><\/li>\n\t<li id=\"menu-item-7456\" class=\"menu-item menu-item-type-post_type menu-item-object-page menu-item-7456\"><a href=\"https:\/\/www.dge.gob.pe\/portalnuevo\/inteligencia-sanitaria\/capacitacion-programa-de-enfermedades-en-epidemiologia-de-campo\/cursos-y-capacitaciones\/\" class=\"menu-link\">Cursos y capacitaciones<\/a><\/li>\n\t<li id=\"menu-item-7457\" class=\"menu-item menu-item-type-post_type menu-item-object-page menu-item-7457\"><a href=\"https:\/\/www.dge.gob.pe\/portalnuevo\/inteligencia-sanitaria\/capacitacion-programa-de-enfermedades-en-epidemiologia-de-campo\/aula-virtual\/\" class=\"menu-link\">Aula virtual<\/a><\/li>\n<\/ul>\n<\/li>\n<\/ul>                <button class=\"eael-advanced-menu-toggle\" aria-label=\"Essential Addons Toggle Menu\">\n                    <i aria-hidden=\"true\" class=\"fas fa-bars\"><\/i>                <\/button>\n            <\/div>\n            \t\t\t\t<\/div>\n\t\t\t\t<\/div>\n\t\t\t\t<\/div>\n\t\t<div data-particle_enable=\"false\" data-particle-mobile-disabled=\"false\" class=\"elementor-element elementor-element-463318c e-con-full e-flex e-con e-child\" data-id=\"463318c\" data-element_type=\"container\" data-settings=\"{&quot;jet_parallax_layout_list&quot;:[]}\">\n\t\t\t\t<div class=\"elementor-element elementor-element-d65434b elementor-widget elementor-widget-heading\" data-id=\"d65434b\" data-element_type=\"widget\" data-widget_type=\"heading.default\">\n\t\t\t\t<div class=\"elementor-widget-container\">\n\t\t\t\t\t<h2 class=\"elementor-heading-title elementor-size-default\">Investigaci\u00f3n epidemiol\u00f3gica<\/h2>\t\t\t\t<\/div>\n\t\t\t\t<\/div>\n\t\t\t\t<div class=\"elementor-element elementor-element-9561c4e tab-custom-cdc elementor-widget elementor-widget-eael-adv-tabs\" data-id=\"9561c4e\" data-element_type=\"widget\" data-widget_type=\"eael-adv-tabs.default\">\n\t\t\t\t<div class=\"elementor-widget-container\">\n\t\t\t\t\t        <div data-scroll-on-click=\"no\" data-scroll-speed=\"300\" id=\"eael-advance-tabs-9561c4e\" class=\"eael-advance-tabs eael-tabs-horizontal eael-tab-auto-active \" data-tabid=\"9561c4e\">\n            <div class=\"eael-tabs-nav \">\n                <ul class=\"\" role=\"tablist\">\n                                            <li id=\"investigacin\" class=\"inactive eael-tab-item-trigger eael-tab-nav-item\" aria-selected=\"true\" data-tab=\"1\" role=\"tab\" tabindex=\"0\" aria-controls=\"investigacin-tab\" aria-expanded=\"false\">\n                            \n                            \n                            \n                                                            <span class=\"eael-tab-title title-after-icon\" >Investigaci\u00f3n<\/span>                                                    <\/li>\n                                            <li id=\"lneas-de-investigacin-epidemiolgica\" class=\" eael-tab-item-trigger eael-tab-nav-item\" aria-selected=\"false\" data-tab=\"2\" role=\"tab\" tabindex=\"-1\" aria-controls=\"lneas-de-investigacin-epidemiolgica-tab\" aria-expanded=\"false\">\n                            \n                            \n                            \n                                                            <span class=\"eael-tab-title title-after-icon\" >L\u00edneas de Investigaci\u00f3n Epidemiol\u00f3gica<\/span>                                                    <\/li>\n                                            <li id=\"publicaciones\" class=\"inactive eael-tab-item-trigger eael-tab-nav-item\" aria-selected=\"false\" data-tab=\"3\" role=\"tab\" tabindex=\"-1\" aria-controls=\"publicaciones-tab\" aria-expanded=\"false\">\n                            \n                            \n                            \n                                                            <span class=\"eael-tab-title title-after-icon\" >Publicaciones<\/span>                                                    <\/li>\n                    \n                                  <\/ul>\n            <\/div>\n            \n            <div class=\"eael-tabs-content\">\n\t\t        \n                    <div id=\"investigacin-tab\" class=\"clearfix eael-tab-content-item inactive\" data-title-link=\"investigacin-tab\">\n\t\t\t\t        <p>La investigaci\u00f3n epidemiol\u00f3gica aplicada, es una forma no sistem\u00e1tica de encontrar soluciones a problemas o situaciones espec\u00edficas,\u00a0 a nivel individual, grupal o social; por ello, su importancia de promover actividades de investigaci\u00f3n y su difusi\u00f3n mediante la publicaci\u00f3n en revistas cient\u00edficas.<\/p><p>En esa l\u00ednea la Unidad de Investigaci\u00f3n busca promover la producci\u00f3n cient\u00edfica a nivel institucional, en los miembros de la Red Nacional de Epidemiolog\u00eda (RENACE) y de forma colaborativa a fin de impulsar el incremento de la producci\u00f3n cient\u00edfica en temas epidemiol\u00f3gicos y de importancia en salud p\u00fablica que contribuyan a la soluci\u00f3n de problemas y mejora de la situaci\u00f3n de salud de la poblaci\u00f3n.<\/p><p>En este contexto, se proponen seis l\u00edneas de investigaci\u00f3n como ejes tem\u00e1ticos que orientan la investigaci\u00f3n cient\u00edfica aplicada a la epidemiolog\u00eda, con la finalidad de resolver problemas y generar nuevo conocimiento.\u00a0<\/p>                    <\/div>\n\t\t        \n                    <div id=\"lneas-de-investigacin-epidemiolgica-tab\" class=\"clearfix eael-tab-content-item \" data-title-link=\"lneas-de-investigacin-epidemiolgica-tab\">\n\t\t\t\t        <div id=\"bloque_lineas_investigacion\">\u00a0<\/div>                    <\/div>\n\t\t        \n                    <div id=\"publicaciones-tab\" class=\"clearfix eael-tab-content-item inactive\" data-title-link=\"publicaciones-tab\">\n\t\t\t\t        <div id=\"is_publicaciones_anios\">\u00a0<\/div>                    <\/div>\n\t\t                    <\/div>\n        <\/div>\n\t\t\t\t<\/div>\n\t\t\t\t<\/div>\n\t\t\t\t<\/div>\n\t\t\t\t\t<\/div>\n\t\t\t\t<\/div>\n\t\t<div data-particle_enable=\"false\" data-particle-mobile-disabled=\"false\" class=\"elementor-element elementor-element-3eba091 e-flex e-con-boxed e-con e-parent\" data-id=\"3eba091\" data-element_type=\"container\" data-settings=\"{&quot;jet_parallax_layout_list&quot;:[]}\" data-mover=\"bloque_lineas_investigacion\">\n\t\t\t\t\t<div class=\"e-con-inner\">\n\t\t<div data-particle_enable=\"false\" data-particle-mobile-disabled=\"false\" class=\"elementor-element elementor-element-268a110 e-con-full e-flex e-con e-child\" data-id=\"268a110\" data-element_type=\"container\" data-settings=\"{&quot;jet_parallax_layout_list&quot;:[]}\">\n\t\t\t\t<div class=\"elementor-element elementor-element-2c20bf8 elementor-widget elementor-widget-image\" data-id=\"2c20bf8\" data-element_type=\"widget\" data-widget_type=\"image.default\">\n\t\t\t\t<div class=\"elementor-widget-container\">\n\t\t\t\t\t\t\t\t\t\t\t\t\t\t\t<img fetchpriority=\"high\" decoding=\"async\" width=\"1024\" height=\"1024\" src=\"https:\/\/www.dge.gob.pe\/portalnuevo\/wp-content\/uploads\/2024\/03\/Mesa-de-trabajo-1-1024x1024.jpg\" class=\"attachment-large size-large wp-image-2822\" alt=\"\" srcset=\"https:\/\/www.dge.gob.pe\/portalnuevo\/wp-content\/uploads\/2024\/03\/Mesa-de-trabajo-1-1024x1024.jpg 1024w, https:\/\/www.dge.gob.pe\/portalnuevo\/wp-content\/uploads\/2024\/03\/Mesa-de-trabajo-1-300x300.jpg 300w, https:\/\/www.dge.gob.pe\/portalnuevo\/wp-content\/uploads\/2024\/03\/Mesa-de-trabajo-1-150x150.jpg 150w, https:\/\/www.dge.gob.pe\/portalnuevo\/wp-content\/uploads\/2024\/03\/Mesa-de-trabajo-1-768x768.jpg 768w, https:\/\/www.dge.gob.pe\/portalnuevo\/wp-content\/uploads\/2024\/03\/Mesa-de-trabajo-1-1536x1536.jpg 1536w, https:\/\/www.dge.gob.pe\/portalnuevo\/wp-content\/uploads\/2024\/03\/Mesa-de-trabajo-1-2048x2048.jpg 2048w\" sizes=\"(max-width: 1024px) 100vw, 1024px\" \/>\t\t\t\t\t\t\t\t\t\t\t\t\t\t\t<\/div>\n\t\t\t\t<\/div>\n\t\t\t\t<div class=\"elementor-element elementor-element-ce949b1 elementor-widget elementor-widget-text-editor\" data-id=\"ce949b1\" data-element_type=\"widget\" data-widget_type=\"text-editor.default\">\n\t\t\t\t<div class=\"elementor-widget-container\">\n\t\t\t\t\t\t\t\t\t<a href=\"https:\/\/www.dge.gob.pe\/portalnuevo\/inteligencia-sanitaria\/investigacion-monitoreo-y-evaluacion\/investigacion-epidemiologica\/lineas-de-investigacion-epidemiologica\/#tog1-infecciosas-parasitarias\/\">Enfermedades infecciosas, parasitarias y transmitidas por vector<\/a>\t\t\t\t\t\t\t\t<\/div>\n\t\t\t\t<\/div>\n\t\t\t\t<\/div>\n\t\t<div data-particle_enable=\"false\" data-particle-mobile-disabled=\"false\" class=\"elementor-element elementor-element-12050bf e-con-full e-flex e-con e-child\" data-id=\"12050bf\" data-element_type=\"container\" data-settings=\"{&quot;jet_parallax_layout_list&quot;:[]}\">\n\t\t\t\t<div class=\"elementor-element elementor-element-8ff9548 elementor-widget elementor-widget-image\" data-id=\"8ff9548\" data-element_type=\"widget\" data-widget_type=\"image.default\">\n\t\t\t\t<div class=\"elementor-widget-container\">\n\t\t\t\t\t\t\t\t\t\t\t\t\t\t\t<img decoding=\"async\" width=\"1024\" height=\"1024\" src=\"https:\/\/www.dge.gob.pe\/portalnuevo\/wp-content\/uploads\/2024\/03\/Mesa-de-trabajo-1-copia-1024x1024.jpg\" class=\"attachment-large size-large wp-image-2821\" alt=\"\" srcset=\"https:\/\/www.dge.gob.pe\/portalnuevo\/wp-content\/uploads\/2024\/03\/Mesa-de-trabajo-1-copia-1024x1024.jpg 1024w, https:\/\/www.dge.gob.pe\/portalnuevo\/wp-content\/uploads\/2024\/03\/Mesa-de-trabajo-1-copia-300x300.jpg 300w, https:\/\/www.dge.gob.pe\/portalnuevo\/wp-content\/uploads\/2024\/03\/Mesa-de-trabajo-1-copia-150x150.jpg 150w, https:\/\/www.dge.gob.pe\/portalnuevo\/wp-content\/uploads\/2024\/03\/Mesa-de-trabajo-1-copia-768x768.jpg 768w, https:\/\/www.dge.gob.pe\/portalnuevo\/wp-content\/uploads\/2024\/03\/Mesa-de-trabajo-1-copia-1536x1536.jpg 1536w, https:\/\/www.dge.gob.pe\/portalnuevo\/wp-content\/uploads\/2024\/03\/Mesa-de-trabajo-1-copia-2048x2048.jpg 2048w\" sizes=\"(max-width: 1024px) 100vw, 1024px\" \/>\t\t\t\t\t\t\t\t\t\t\t\t\t\t\t<\/div>\n\t\t\t\t<\/div>\n\t\t\t\t<div class=\"elementor-element elementor-element-42cfc5b elementor-widget elementor-widget-text-editor\" data-id=\"42cfc5b\" data-element_type=\"widget\" data-widget_type=\"text-editor.default\">\n\t\t\t\t<div class=\"elementor-widget-container\">\n\t\t\t\t\t\t\t\t\t<a href=\"https:\/\/www.dge.gob.pe\/portalnuevo\/inteligencia-sanitaria\/investigacion-monitoreo-y-evaluacion\/investigacion-epidemiologica\/lineas-de-investigacion-epidemiologica\/#tog2-no-transmisibles\">Enfermedades no transmisibles, factores de riesgo<\/a>\t\t\t\t\t\t\t\t<\/div>\n\t\t\t\t<\/div>\n\t\t\t\t<\/div>\n\t\t<div data-particle_enable=\"false\" data-particle-mobile-disabled=\"false\" class=\"elementor-element elementor-element-19d604e e-con-full e-flex e-con e-child\" data-id=\"19d604e\" data-element_type=\"container\" data-settings=\"{&quot;jet_parallax_layout_list&quot;:[]}\">\n\t\t\t\t<div class=\"elementor-element elementor-element-91b7743 elementor-widget elementor-widget-image\" data-id=\"91b7743\" data-element_type=\"widget\" data-widget_type=\"image.default\">\n\t\t\t\t<div class=\"elementor-widget-container\">\n\t\t\t\t\t\t\t\t\t\t\t\t\t\t\t<img decoding=\"async\" width=\"1024\" height=\"1024\" src=\"https:\/\/www.dge.gob.pe\/portalnuevo\/wp-content\/uploads\/2024\/03\/Mesa-de-trabajo-1-copia-2-1024x1024.jpg\" class=\"attachment-large size-large wp-image-2817\" alt=\"\" srcset=\"https:\/\/www.dge.gob.pe\/portalnuevo\/wp-content\/uploads\/2024\/03\/Mesa-de-trabajo-1-copia-2-1024x1024.jpg 1024w, https:\/\/www.dge.gob.pe\/portalnuevo\/wp-content\/uploads\/2024\/03\/Mesa-de-trabajo-1-copia-2-300x300.jpg 300w, https:\/\/www.dge.gob.pe\/portalnuevo\/wp-content\/uploads\/2024\/03\/Mesa-de-trabajo-1-copia-2-150x150.jpg 150w, https:\/\/www.dge.gob.pe\/portalnuevo\/wp-content\/uploads\/2024\/03\/Mesa-de-trabajo-1-copia-2-768x768.jpg 768w, https:\/\/www.dge.gob.pe\/portalnuevo\/wp-content\/uploads\/2024\/03\/Mesa-de-trabajo-1-copia-2-1536x1536.jpg 1536w, https:\/\/www.dge.gob.pe\/portalnuevo\/wp-content\/uploads\/2024\/03\/Mesa-de-trabajo-1-copia-2-2048x2048.jpg 2048w\" sizes=\"(max-width: 1024px) 100vw, 1024px\" \/>\t\t\t\t\t\t\t\t\t\t\t\t\t\t\t<\/div>\n\t\t\t\t<\/div>\n\t\t\t\t<div class=\"elementor-element elementor-element-c7502e9 elementor-widget elementor-widget-text-editor\" data-id=\"c7502e9\" data-element_type=\"widget\" data-widget_type=\"text-editor.default\">\n\t\t\t\t<div class=\"elementor-widget-container\">\n\t\t\t\t\t\t\t\t\t<a href=\"https:\/\/www.dge.gob.pe\/portalnuevo\/inteligencia-sanitaria\/investigacion-monitoreo-y-evaluacion\/investigacion-epidemiologica\/lineas-de-investigacion-epidemiologica\/#tog3-materno-perinatal-neonatal\">Materno-perinatal y neonatal<\/a>\t\t\t\t\t\t\t\t<\/div>\n\t\t\t\t<\/div>\n\t\t\t\t<\/div>\n\t\t<div data-particle_enable=\"false\" data-particle-mobile-disabled=\"false\" class=\"elementor-element elementor-element-c65812b e-con-full e-flex e-con e-child\" data-id=\"c65812b\" data-element_type=\"container\" data-settings=\"{&quot;jet_parallax_layout_list&quot;:[]}\">\n\t\t\t\t<div class=\"elementor-element elementor-element-f714e50 elementor-widget elementor-widget-image\" data-id=\"f714e50\" data-element_type=\"widget\" data-widget_type=\"image.default\">\n\t\t\t\t<div class=\"elementor-widget-container\">\n\t\t\t\t\t\t\t\t\t\t\t\t\t\t\t<img loading=\"lazy\" decoding=\"async\" width=\"1024\" height=\"1024\" src=\"https:\/\/www.dge.gob.pe\/portalnuevo\/wp-content\/uploads\/2024\/03\/Mesa-de-trabajo-1-copia-3-1024x1024.jpg\" class=\"attachment-large size-large wp-image-2818\" alt=\"\" srcset=\"https:\/\/www.dge.gob.pe\/portalnuevo\/wp-content\/uploads\/2024\/03\/Mesa-de-trabajo-1-copia-3-1024x1024.jpg 1024w, https:\/\/www.dge.gob.pe\/portalnuevo\/wp-content\/uploads\/2024\/03\/Mesa-de-trabajo-1-copia-3-300x300.jpg 300w, https:\/\/www.dge.gob.pe\/portalnuevo\/wp-content\/uploads\/2024\/03\/Mesa-de-trabajo-1-copia-3-150x150.jpg 150w, https:\/\/www.dge.gob.pe\/portalnuevo\/wp-content\/uploads\/2024\/03\/Mesa-de-trabajo-1-copia-3-768x768.jpg 768w, https:\/\/www.dge.gob.pe\/portalnuevo\/wp-content\/uploads\/2024\/03\/Mesa-de-trabajo-1-copia-3-1536x1536.jpg 1536w, https:\/\/www.dge.gob.pe\/portalnuevo\/wp-content\/uploads\/2024\/03\/Mesa-de-trabajo-1-copia-3-2048x2048.jpg 2048w\" sizes=\"(max-width: 1024px) 100vw, 1024px\" \/>\t\t\t\t\t\t\t\t\t\t\t\t\t\t\t<\/div>\n\t\t\t\t<\/div>\n\t\t\t\t<div class=\"elementor-element elementor-element-a6c9132 elementor-widget elementor-widget-text-editor\" data-id=\"a6c9132\" data-element_type=\"widget\" data-widget_type=\"text-editor.default\">\n\t\t\t\t<div class=\"elementor-widget-container\">\n\t\t\t\t\t\t\t\t\t<a href=\"https:\/\/www.dge.gob.pe\/portalnuevo\/inteligencia-sanitaria\/investigacion-monitoreo-y-evaluacion\/investigacion-epidemiologica\/lineas-de-investigacion-epidemiologica\/#tog4-enfermedades-reemergentes\">Enfermedades emergentes y reemergentes<\/a>\t\t\t\t\t\t\t\t<\/div>\n\t\t\t\t<\/div>\n\t\t\t\t<\/div>\n\t\t<div data-particle_enable=\"false\" data-particle-mobile-disabled=\"false\" class=\"elementor-element elementor-element-77b119b e-con-full e-flex e-con e-child\" data-id=\"77b119b\" data-element_type=\"container\" data-settings=\"{&quot;jet_parallax_layout_list&quot;:[]}\">\n\t\t\t\t<div class=\"elementor-element elementor-element-1f9c0fa elementor-widget elementor-widget-image\" data-id=\"1f9c0fa\" data-element_type=\"widget\" data-widget_type=\"image.default\">\n\t\t\t\t<div class=\"elementor-widget-container\">\n\t\t\t\t\t\t\t\t\t\t\t\t\t\t\t<img loading=\"lazy\" decoding=\"async\" width=\"1024\" height=\"1024\" src=\"https:\/\/www.dge.gob.pe\/portalnuevo\/wp-content\/uploads\/2024\/03\/Mesa-de-trabajo-1-copia-4-1024x1024.jpg\" class=\"attachment-large size-large wp-image-2819\" alt=\"\" srcset=\"https:\/\/www.dge.gob.pe\/portalnuevo\/wp-content\/uploads\/2024\/03\/Mesa-de-trabajo-1-copia-4-1024x1024.jpg 1024w, https:\/\/www.dge.gob.pe\/portalnuevo\/wp-content\/uploads\/2024\/03\/Mesa-de-trabajo-1-copia-4-300x300.jpg 300w, https:\/\/www.dge.gob.pe\/portalnuevo\/wp-content\/uploads\/2024\/03\/Mesa-de-trabajo-1-copia-4-150x150.jpg 150w, https:\/\/www.dge.gob.pe\/portalnuevo\/wp-content\/uploads\/2024\/03\/Mesa-de-trabajo-1-copia-4-768x768.jpg 768w, https:\/\/www.dge.gob.pe\/portalnuevo\/wp-content\/uploads\/2024\/03\/Mesa-de-trabajo-1-copia-4-1536x1536.jpg 1536w, https:\/\/www.dge.gob.pe\/portalnuevo\/wp-content\/uploads\/2024\/03\/Mesa-de-trabajo-1-copia-4-2048x2048.jpg 2048w\" sizes=\"(max-width: 1024px) 100vw, 1024px\" \/>\t\t\t\t\t\t\t\t\t\t\t\t\t\t\t<\/div>\n\t\t\t\t<\/div>\n\t\t\t\t<div class=\"elementor-element elementor-element-b5780bb elementor-widget elementor-widget-text-editor\" data-id=\"b5780bb\" data-element_type=\"widget\" data-widget_type=\"text-editor.default\">\n\t\t\t\t<div class=\"elementor-widget-container\">\n\t\t\t\t\t\t\t\t\t<a href=\"https:\/\/www.dge.gob.pe\/portalnuevo\/inteligencia-sanitaria\/investigacion-monitoreo-y-evaluacion\/investigacion-epidemiologica\/lineas-de-investigacion-epidemiologica\/#tog5-determinantes-carga-evaluacion\">Determinantes sociales y an\u00e1lisis de desigualdades<\/a>\t\t\t\t\t\t\t\t<\/div>\n\t\t\t\t<\/div>\n\t\t\t\t<\/div>\n\t\t<div data-particle_enable=\"false\" data-particle-mobile-disabled=\"false\" class=\"elementor-element elementor-element-acfd976 e-con-full e-flex e-con e-child\" data-id=\"acfd976\" data-element_type=\"container\" data-settings=\"{&quot;jet_parallax_layout_list&quot;:[]}\">\n\t\t\t\t<div class=\"elementor-element elementor-element-8d4b67c elementor-widget elementor-widget-image\" data-id=\"8d4b67c\" data-element_type=\"widget\" data-widget_type=\"image.default\">\n\t\t\t\t<div class=\"elementor-widget-container\">\n\t\t\t\t\t\t\t\t\t\t\t\t\t\t\t<img loading=\"lazy\" decoding=\"async\" width=\"1024\" height=\"1024\" src=\"https:\/\/www.dge.gob.pe\/portalnuevo\/wp-content\/uploads\/2024\/03\/Mesa-de-trabajo-1-copia-5-1024x1024.jpg\" class=\"attachment-large size-large wp-image-2820\" alt=\"\" srcset=\"https:\/\/www.dge.gob.pe\/portalnuevo\/wp-content\/uploads\/2024\/03\/Mesa-de-trabajo-1-copia-5-1024x1024.jpg 1024w, https:\/\/www.dge.gob.pe\/portalnuevo\/wp-content\/uploads\/2024\/03\/Mesa-de-trabajo-1-copia-5-300x300.jpg 300w, https:\/\/www.dge.gob.pe\/portalnuevo\/wp-content\/uploads\/2024\/03\/Mesa-de-trabajo-1-copia-5-150x150.jpg 150w, https:\/\/www.dge.gob.pe\/portalnuevo\/wp-content\/uploads\/2024\/03\/Mesa-de-trabajo-1-copia-5-768x768.jpg 768w, https:\/\/www.dge.gob.pe\/portalnuevo\/wp-content\/uploads\/2024\/03\/Mesa-de-trabajo-1-copia-5-1536x1536.jpg 1536w, https:\/\/www.dge.gob.pe\/portalnuevo\/wp-content\/uploads\/2024\/03\/Mesa-de-trabajo-1-copia-5-2048x2048.jpg 2048w\" sizes=\"(max-width: 1024px) 100vw, 1024px\" \/>\t\t\t\t\t\t\t\t\t\t\t\t\t\t\t<\/div>\n\t\t\t\t<\/div>\n\t\t\t\t<div class=\"elementor-element elementor-element-9e37bb7 elementor-widget elementor-widget-text-editor\" data-id=\"9e37bb7\" data-element_type=\"widget\" data-widget_type=\"text-editor.default\">\n\t\t\t\t<div class=\"elementor-widget-container\">\n\t\t\t\t\t\t\t\t\t<a href=\"https:\/\/www.dge.gob.pe\/portalnuevo\/inteligencia-sanitaria\/investigacion-monitoreo-y-evaluacion\/investigacion-epidemiologica\/lineas-de-investigacion-epidemiologica\/#tog6-riesgos-ambientales-cambio-climatico\">Riesgos ambientales y cambio clim\u00e1tico<\/a>\t\t\t\t\t\t\t\t<\/div>\n\t\t\t\t<\/div>\n\t\t\t\t<\/div>\n\t\t\t\t\t<\/div>\n\t\t\t\t<\/div>\n\t\t<div data-particle_enable=\"false\" data-particle-mobile-disabled=\"false\" class=\"elementor-element elementor-element-00db3f1 e-flex e-con-boxed e-con e-parent\" data-id=\"00db3f1\" data-element_type=\"container\" data-settings=\"{&quot;jet_parallax_layout_list&quot;:[]}\" data-mover=\"is_publicaciones_anios\">\n\t\t\t\t\t<div class=\"e-con-inner\">\n\t\t\t\t<div class=\"elementor-element elementor-element-70ce2b1 elementor-widget elementor-widget-eael-adv-accordion\" data-id=\"70ce2b1\" data-element_type=\"widget\" data-widget_type=\"eael-adv-accordion.default\">\n\t\t\t\t<div class=\"elementor-widget-container\">\n\t\t\t\t\t            <div class=\"eael-adv-accordion\" id=\"eael-adv-accordion-70ce2b1\" data-scroll-on-click=\"no\" data-scroll-speed=\"300\" data-accordion-id=\"70ce2b1\" data-accordion-type=\"accordion\" data-toogle-speed=\"300\">\n            <div class=\"eael-accordion-list\">\n\t\t\t\t\t<div id=\"2026\" class=\"elementor-tab-title eael-accordion-header\" tabindex=\"0\" data-tab=\"1\" aria-controls=\"elementor-tab-content-1181\"><span class=\"eael-advanced-accordion-icon-closed\"><i aria-hidden=\"true\" class=\"fa-accordion-icon fas fa-plus\"><\/i><\/span><span class=\"eael-advanced-accordion-icon-opened\"><i aria-hidden=\"true\" class=\"fa-accordion-icon fas fa-minus\"><\/i><\/span><span class=\"eael-accordion-tab-title\">2026<\/span><i aria-hidden=\"true\" class=\"fa-toggle fas fa-angle-right\"><\/i><\/div><div id=\"elementor-tab-content-1181\" class=\"eael-accordion-content clearfix\" data-tab=\"1\" aria-labelledby=\"2026\"><table width=\"652\"><tbody><tr><td width=\"535\"><center><strong>Art\u00edculo cient\u00edfico seg\u00fan a\u00f1o de publicaci\u00f3n<\/strong><\/center><\/td><td width=\"117\"><center><strong>Autores con filiaci\u00f3n CDC-MINSA<\/strong><\/center><\/td><\/tr><tr><td width=\"535\"><p>Extreme precipitation, exacerbated by anthropogenic climate change, drove Peru\u2019s record-breaking 2023 dengue outbreak<\/p><p>Harris M J, Trok J T, <strong>Martel K S<\/strong>, Borbor-Cordova M J, Diffenbaugh N S, <strong>Munayco C V<\/strong> et al.<\/p><p>One Earth. 2026; 101619<\/p><p><a href=\"https:\/\/doi.org\/10.1016\/j.oneear.2026.101619\" target=\"_blank\" rel=\"noopener\">https:\/\/doi.org\/10.1016\/j.oneear.2026.101619<\/a>.<\/p><\/td><td width=\"117\">Martel KS, C\u00e9sar V. Munayco<\/td><\/tr><tr><td width=\"535\"><p>Genomic epidemiology of a 2023\u20132024 Oropouche virus disease outbreak in Iquitos, Peru: descriptive analysis of a case control study for acute febrile illness<\/p><p>Olortegui M P, Schiaffino F, Yori P P, Colston J M, Mourkas E, Lopez W V S et al.<\/p><p>The Lancet Regional Health &#8211; Americas 2026; 56: 101413<\/p><p><a href=\"https:\/\/doi.org\/10.1016\/j.lana.2026.101413\" target=\"_blank\" rel=\"noopener\">https:\/\/doi.org\/10.1016\/j.lana.2026.101413<\/a>.<\/p><\/td><td width=\"117\">C\u00e9sar V. Munayco<\/td><\/tr><tr><td width=\"535\"><p>A Machine Learning\u2010Based Dynamic SST Index for Long\u2010 Lead Malaria Prediction in the Peruvian Amazon<\/p><p>Pan\u00a0M, Hu\u00a0S, Janko\u00a0M M, Zaitchik\u00a0B F, Takahashi\u00a0K, Lescano\u00a0A G, et al.<\/p><p>GeoHealth. 2026; 10: e2025GH001529.<\/p><p><a href=\"https:\/\/doi.org\/10.1029\/2025GH001529\" target=\"_blank\" rel=\"noopener\">https:\/\/doi.org\/10.1029\/2025GH001529<\/a>.<\/p><\/td><td width=\"117\">C\u00e9sar V. Munayco<\/td><\/tr><tr><td width=\"535\"><p>Neonatal mortality inequalities in Peru, 2007-2021: an ecological joinpoint trends analysis<\/p><p><strong>Avila J<\/strong>, V\u00e1squez-Mej\u00eda A, Soto-Cabezas G, Reyes-Vega MF, Olivares N, Talavera-Romero L, et al.<\/p><p>Int J Equity Health. 2026;\u00a025 (11)<\/p><p><a href=\"https:\/\/doi.org\/10.1186\/s12939-025-02731-9\" target=\"_blank\" rel=\"noopener\">https:\/\/doi.org\/10.1186\/s12939-025-02731-9<\/a><\/p><\/td><td width=\"117\">Jeannette Avila, Adri\u00e1n V\u00e1squez-Mej\u00eda, Gabriela Soto-Cabezas, Mary Reyes, Cesar V. Munayco<\/td><\/tr><\/tbody><\/table><\/div>\n\t\t\t\t\t<\/div><div class=\"eael-accordion-list\">\n\t\t\t\t\t<div id=\"2025\" class=\"elementor-tab-title eael-accordion-header\" tabindex=\"0\" data-tab=\"2\" aria-controls=\"elementor-tab-content-1182\"><span class=\"eael-advanced-accordion-icon-closed\"><i aria-hidden=\"true\" class=\"fa-accordion-icon fas fa-plus\"><\/i><\/span><span class=\"eael-advanced-accordion-icon-opened\"><i aria-hidden=\"true\" class=\"fa-accordion-icon fas fa-minus\"><\/i><\/span><span class=\"eael-accordion-tab-title\">2025<\/span><i aria-hidden=\"true\" class=\"fa-toggle fas fa-angle-right\"><\/i><\/div><div id=\"elementor-tab-content-1182\" class=\"eael-accordion-content clearfix\" data-tab=\"2\" aria-labelledby=\"2025\"><table width=\"652\"><tbody><tr><td width=\"535\"><center><strong>Art\u00edculo cient\u00edfico seg\u00fan a\u00f1o de publicaci\u00f3n<\/strong><\/center><\/td><td width=\"117\"><center><strong>Autores con filiaci\u00f3n CDC-MINSA<\/strong><\/center><\/td><\/tr><tr><td width=\"535\"><p>Country-level assessment of infection prevention and control in public hospitals in Peru<\/p><p>Yagui M, <strong>Quispe Pardo Z<\/strong>, Terrazas J, Araujo-Castillo RV.<\/p><p>Infect Dis Health. 2025 Nov 19;31(2):100396.<\/p><p><a href=\"https:\/\/doi.org\/10.1016\/j.idh.2025.10.003\" target=\"_blank\" rel=\"noopener\">https:\/\/doi.org\/10.1016\/j.idh.2025.10.003<\/a><\/p><\/td><td width=\"117\">Quispe Pardo Z<\/td><\/tr><tr><td width=\"535\"><p>An\u00e1lisis epidemiol\u00f3gico del virus del Zika y sus complicaciones en gestantes, Per\u00fa 2016\u20132023<\/p><p><strong>Susan Y. Mateo<\/strong>, Luna-Pineda M, Mu\u00f1oz M, <strong>Juan Arrasco<\/strong><\/p><p>Rev. Cuerpo Med. HNAAA [Internet]. 12 de noviembre de 2025;18(3)<\/p><p><a href=\"https:\/\/cmhnaaa.org.pe\/ojs\/index.php\/rcmhnaaa\/article\/view\/2722\/1105\" target=\"_blank\" rel=\"noopener\">https:\/\/cmhnaaa.org.pe\/ojs\/index.php\/rcmhnaaa\/article\/view\/2722\/1105<\/a><\/p><\/td><td width=\"117\">Susan Y. Mateo, Juan Arrasco<\/td><\/tr><tr><td width=\"535\"><p>Maternal mortality in Peru: trends, determinants, inequalities, and the impact of COVID-19<\/p><p><strong>Soto-Cabezas G, V\u00e1squez-Mej\u00eda A, Gil F, Reyes M, Juscamaita R, Oyola A<\/strong>, et al.<\/p><p>Int J Equity Health\u00a024, 248 (2025)<\/p><p><a href=\"https:\/\/doi.org\/10.1186\/s12939-025-02588-y\" target=\"_blank\" rel=\"noopener\">https:\/\/doi.org\/10.1186\/s12939-025-02588-y<\/a><\/p><\/td><td width=\"117\">Soto-Cabezas G, V\u00e1squez-Mej\u00eda A, Gil F, Reyes M, Juscamaita R, Oyola A, Cesar V.\u00a0Munayco<\/td><\/tr><tr><td width=\"535\"><p>Time analysis of dengue-related deaths that occurred in two regions of Peru during the climatic-atmospheric phenomena El Ni\u00f1o Costero and Cyclone Yaku<\/p><p><strong>Ramos W, Oyola-Garc\u00eda AE, Gonz\u00e1les AA, <\/strong>Cruz-Vargas JA<strong>, <\/strong>Luna M, Alarc\u00f3n T, et all<\/p><p>Acta Tropica 272 (2025) 107919<\/p><p><a href=\"https:\/\/doi.org\/10.1016\/j.actatropica.2025.107919\" target=\"_blank\" rel=\"noopener\">https:\/\/doi.org\/10.1016\/j.actatropica.2025.107919<\/a><\/p><\/td><td width=\"117\"><p>Ramos W, Oyola-Garc\u00eda AE, Gonz\u00e1les AA, Huaccho-Rojas J, C\u00f3ndor-Rojas YC.<\/p><p>\u00a0<\/p><\/td><\/tr><tr><td width=\"535\"><p>Transmission Dynamics of Mpox in Peru During the 2022 Outbreak<\/p><p><strong>Soto-Cabezas G, V\u00e1squez-Mej\u00eda A, Calder\u00f3n M,\u00a0Reyes-Vega M, Blancas-Blas Y, Soriano-Moreno A<\/strong>, et al.<\/p><p>Am J Trop Med Hyg. 2025 May 20;113(2):387-394.<\/p><p><a href=\"https:\/\/doi.org\/10.4269\/ajtmh.24-0361\" target=\"_blank\" rel=\"noopener\">https:\/\/doi.org\/10.4269\/ajtmh.24-0361<\/a><\/p><\/td><td width=\"117\">Soto-Cabezas G, V\u00e1squez-Mej\u00eda A, Calder\u00f3n M,\u00a0Reyes-Vega M, Blancas-Blas Y, Soriano-Moreno A, et al.<\/td><\/tr><tr><td width=\"535\"><p>Health impact of Public Health Emergencies of International Concern in the context of the International Health Regulations (2005) in Peru.<\/p><p><strong>Arrasco Alegre JC, Elena Vargas Linares, Fabiola Caruajulca, Gladys Garro<\/strong><\/p><p>Rev Fac Med Hum. 2025;25(1): 73-84<\/p><p><a href=\"https:\/\/revistas.urp.edu.pe\/index.php\/RFMH\/article\/view\/6818\" target=\"_blank\" rel=\"noopener\">https:\/\/revistas.urp.edu.pe\/index.php\/RFMH\/article\/view\/6818<\/a><\/p><\/td><td width=\"117\">Arrasco J, Vargas E, Carhuajulca F, Garro G<\/td><\/tr><tr><td width=\"535\"><p>Malaria en ni\u00f1os en el Per\u00fa: magnitud y algunas caracter\u00edsticas demogr\u00e1ficas y socioecon\u00f3micas, 2010-2023.<\/p><p><strong>Arrasco Alegre JC, Mateo Lizarbe SY, Valderrama Rosales BY, Vargas Huapaya MA.\u00a0<\/strong><\/p><p>Rev. Cuerpo Med. HNAAA [Internet]. 2025<\/p><p><a href=\"https:\/\/www.cmhnaaa.org.pe\/ojs\/index.php\/rcmhnaaa\/article\/view\/2581\" target=\"_blank\" rel=\"noopener\">https:\/\/www.cmhnaaa.org.pe\/ojs\/index.php\/rcmhnaaa\/article\/view\/2581<\/a>.<\/p><\/td><td width=\"117\">Arrasco J, Mateo S, Valderrama Y, Vargas M<\/td><\/tr><tr><td width=\"535\"><p>Mapping hotspots of zoonotic pathogen emergence: an integrated model-based and participatory-based approach<\/p><p>Julianne Meisner, Anna Baines, Isaac Ngere, Patricia J Garcia, Chatchawal Sa-Nguansilp, Nguyen Nguyen, et al.<\/p><p>Lancet Planet Health 2025; 9: e14\u201322<\/p><p><a href=\"https:\/\/doi.org\/10.1016\/S2542-5196(24)00309-7\" target=\"_blank\" rel=\"noopener\">https:\/\/doi.org\/10.1016\/S2542-5196(24)00309-7<\/a>.<\/p><\/td><td width=\"117\">Cesar V Munayco<\/td><\/tr><\/tbody><\/table><\/div>\n\t\t\t\t\t<\/div><div class=\"eael-accordion-list\">\n\t\t\t\t\t<div id=\"2024\" class=\"elementor-tab-title eael-accordion-header\" tabindex=\"0\" data-tab=\"3\" aria-controls=\"elementor-tab-content-1183\"><span class=\"eael-advanced-accordion-icon-closed\"><i aria-hidden=\"true\" class=\"fa-accordion-icon fas fa-plus\"><\/i><\/span><span class=\"eael-advanced-accordion-icon-opened\"><i aria-hidden=\"true\" class=\"fa-accordion-icon fas fa-minus\"><\/i><\/span><span class=\"eael-accordion-tab-title\">2024<\/span><i aria-hidden=\"true\" class=\"fa-toggle fas fa-angle-right\"><\/i><\/div><div id=\"elementor-tab-content-1183\" class=\"eael-accordion-content clearfix\" data-tab=\"3\" aria-labelledby=\"2024\"><table width=\"652\"><tbody><tr><td width=\"529\"><center><strong>Art\u00edculo cient\u00edfico seg\u00fan a\u00f1o de publicaci\u00f3n<\/strong><\/center><\/td><td width=\"123\"><center><strong>Autores con filiaci\u00f3n CDC-MINSA<\/strong><\/center><\/td><\/tr><tr><td width=\"529\"><p>Frecuencia, caracter\u00edsticas sociodemogr\u00e1ficas y cl\u00ednicas de los adultos con la coinfecci\u00f3n por VIH y VHB en Per\u00fa, 2017 y 2021.<\/p><p>Sebasti\u00e1n Hidalgo, Rodrigo Cueva,<strong>\u00a0Mary Reyes, Pablo Renjifo,\u00a0<\/strong>C\u00e9sar Gutierrez<\/p><p>Horiz Med (Lima) 2024; 24(4): e2549<\/p><p><a href=\"https:\/\/revistasinvestigacion.unmsm.edu.pe\/index.php\/anales\/article\/view\/28037\/21327\" target=\"_blank\" rel=\"noopener noreferrer\">https:\/\/revistasinvestigacion.unmsm.edu.pe\/index.php\/anales\/article\/view\/28037\/21327<\/a>.<\/p><\/td><td width=\"123\">Mary Reyes, Pablo Renjifo<\/td><\/tr><tr><td width=\"529\"><p>Human-Centered Design to Respond to Public Health Crises: Maintaining Canine Rabies Vaccination during the COVID-19 Pandemic in Peru<\/p><p>Castillo-Neyra R, D\u00edaz EW, Ortiz-Cam L, Porras G, De La Puente-Le\u00f3n M, Condori GF, et al.<\/p><p>Am J Trop Med Hyg. 2024 Nov 26;112(2):377-385<\/p><p><a href=\"https:\/\/doi.org\/10.4269\/ajtmh.24-0308\" target=\"_blank\" rel=\"noopener noreferrer\">https:\/\/doi.org\/10.4269\/ajtmh.24-0308<\/a>.<\/p><\/td><td width=\"123\">Chuquista-Alcarraz O<\/td><\/tr><tr><td width=\"529\"><p>The added value of serologic testing: A comparison of influenza incidence among pregnant persons based on molecular-based surveillance versus serologic testing<\/p><p>Wanitchaya Kittikraisak, Yeny Tinoco, Min Z. Levine, Joshua A. Mott, Wiboon Kanjanapattanakul, Cesar Munayco, et al.<\/p><p>International Journal of Infectious Diseases,\u00a0149, 107264.<\/p><p><a href=\"https:\/\/www.ijidonline.com\/article\/S1201-9712(24)00335-7\/fulltext\" target=\"_blank\" rel=\"noopener noreferrer\">https:\/\/www.ijidonline.com\/article\/S1201-9712(24)00335-7\/fulltext<\/a>.<\/p><\/td><td width=\"123\">C\u00e9sar Munayco<\/td><\/tr><tr><td width=\"529\"><p>Pathways to strengthen the climate resilience of health systems in the Peruvian Amazon by working with Indigenous leaders, communities and health officers<\/p><p>Claudia L Vidal-Cuellar,1 Victoria Chicmana-Zapata,1 Ingrid Arotoma-Rojas,2 Graciela Meza,3 James D Ford,2 Hugo Rodr\u00edguez Ferruchi, et al.<\/p><p>BMJ Global Health\u00a02024;8:e014391.<\/p><p><a href=\"https:\/\/gh.bmj.com\/content\/8\/Suppl_3\/e014391\" target=\"_blank\" rel=\"noopener noreferrer\">https:\/\/gh.bmj.com\/content\/8\/Suppl_3\/e014391<\/a>.<\/p><\/td><td width=\"123\">C\u00e9sar Munayco<\/td><\/tr><tr><td width=\"529\"><p>Caracter\u00edsticas de la mortalidad por COVID-19 durante y despu\u00e9s de la pandemia en el Per\u00fa.<\/p><p><strong>Arrasco J, Medina J, Ordo\u00f1ez L, Vargas E, Ramos W.<\/strong><\/p><p>An Fac med. 2024; 85(3)<\/p><p><a href=\"https:\/\/revistasinvestigacion.unmsm.edu.pe\/index.php\/anales\/article\/view\/28037\/21327\" target=\"_blank\" rel=\"noopener noreferrer\">https:\/\/revistasinvestigacion.unmsm.edu.pe\/index.php\/anales\/article\/view\/28037\/21327<\/a>.<\/p><\/td><td width=\"123\">Arrasco J, Medina J, Ordo\u00f1ez L, Vargas E, Ramos W.<\/td><\/tr><tr><td width=\"529\"><p>Caracter\u00edsticas de la poblaci\u00f3n residente en \u00e1reas de trasmisi\u00f3n de leishmaniasis en el Per\u00fa, 2010 \u2013 2022.<\/p><p><strong>Arrasco J, Vargas E, Vargas M.<\/strong><\/p><p>An Fac med. 2024; 85(1).<\/p><p>DOI:\u00a0<a href=\"http:\/\/dx.doi.org\/10.15381\/anales.v85i1.27443\" target=\"_blank\" rel=\"noopener noreferrer\">http:\/\/dx.doi.org\/10.15381\/anales.v85i1.27443<\/a>.<\/p><\/td><td width=\"123\">Arrasco J, Vargas E, Vargas M.<\/td><\/tr><tr><td width=\"529\"><p>Highly pathogenic avian influenza A (H5N1) virus outbreak in Peru in 2022\u20132023<\/p><p>Sevilla N, Lizarraga W, Jimenez-Vasquez V, Hurtado V, Molina IS, Huarca L, et al.<\/p><p>Infectious Medicine. 2024<\/p><p>DOI:\u00a0<a href=\"https:\/\/doi.org\/10.1016\/j.imj.2024.100108\" target=\"_blank\" rel=\"noopener noreferrer\">https:\/\/doi.org\/10.1016\/j.imj.2024.100108<\/a>.<\/p><\/td><td width=\"123\">Vargas, Iv\u00e1n<\/td><\/tr><tr><td width=\"529\"><p>Poblaci\u00f3n de \u00e1reas de transmisi\u00f3n de dengue y factores demogr\u00e1ficos y socioecon\u00f3micos. Per\u00fa, 2010-2023.<\/p><p><strong>Arrasco J, Mateo SY, Valderrama Y.<\/strong><\/p><p>Rev. Cuerpo Med. HNAAA2024;\u00a017(1).<\/p><p><a href=\"https:\/\/cmhnaaa.org.pe\/ojs\/index.php\/rcmhnaaa\/article\/view\/2327\" target=\"_blank\" rel=\"noopener noreferrer\">https:\/\/cmhnaaa.org.pe\/ojs\/index.php\/rcmhnaaa\/article\/view\/2327<\/a>.<\/p><\/td><td width=\"123\">Arrasco J, Mateo S, Valderrama Y<\/td><\/tr><tr><td width=\"529\"><p>Notes from the Field: Dengue Outbreak\u2014Peru, 2023<\/p><p><strong>Munayco C, Valderrama Y, Mateo SY, Yon C, Pe\u00f1a R, et al.<\/strong>\u00a0<strong>(2024).<\/strong><\/p><p>Morbidity and Mortality Weekly Report, 2024; 73(4): 86\u201388<\/p><p><a href=\"https:\/\/www.cdc.gov\/mmwr\/volumes\/73\/wr\/mm7304a4_ensp.htm\" target=\"_blank\" rel=\"noopener noreferrer\">https:\/\/www.cdc.gov\/mmwr\/volumes\/73\/wr\/mm7304a4_ensp.htm<\/a>.<\/p><\/td><td width=\"123\">Munayco C; Valderrama Y; Mateo S; Yon C, Pe\u00f1a R<\/td><\/tr><\/tbody><\/table><\/div>\n\t\t\t\t\t<\/div><div class=\"eael-accordion-list\">\n\t\t\t\t\t<div id=\"2023\" class=\"elementor-tab-title eael-accordion-header\" tabindex=\"0\" data-tab=\"4\" aria-controls=\"elementor-tab-content-1184\"><span class=\"eael-advanced-accordion-icon-closed\"><i aria-hidden=\"true\" class=\"fa-accordion-icon fas fa-plus\"><\/i><\/span><span class=\"eael-advanced-accordion-icon-opened\"><i aria-hidden=\"true\" class=\"fa-accordion-icon fas fa-minus\"><\/i><\/span><span class=\"eael-accordion-tab-title\">2023<\/span><i aria-hidden=\"true\" class=\"fa-toggle fas fa-angle-right\"><\/i><\/div><div id=\"elementor-tab-content-1184\" class=\"eael-accordion-content clearfix\" data-tab=\"4\" aria-labelledby=\"2023\"><table width=\"652\"><tbody><tr><td width=\"529\"><center><strong>Art\u00edculo cient\u00edfico seg\u00fan a\u00f1o de publicaci\u00f3n<\/strong><\/center><\/td><td width=\"123\"><center><strong>Autores con filiaci\u00f3n CDC-MINSA<\/strong><\/center><\/td><\/tr><tr><td width=\"529\"><p>Comorbidities associated with COVID-19 mortality in adults in Lima, Peru: a retrospective cohort study.<\/p><p><strong>\u00a0<\/strong><strong>Soto-Cabezas MG, Reyes-Vega MF, Soriano-Moreno AN, Ordo\u00f1ez-Ibarg\u00fcen L, Martel KS, Flores-Jaime N,\u00a0<\/strong>et al.<\/p><p>Rev Peru Med Exp Salud Publica. 2023;40(2):132-40.<\/p><p>DOI:\u00a0<a href=\"https:\/\/doi.org\/10.17843\/rpmesp.2023.402.12170\" target=\"_blank\" rel=\"noopener noreferrer\">https:\/\/doi.org\/10.17843\/rpmesp.2023.402.12170<\/a>.<\/p><\/td><td width=\"123\">Soto-Cabezas MG, Reyes-Vega MF, Soriano-Moreno AN, Ordo\u00f1ez-Ibarg\u00fcen L, Martel KS, Flores-Jaime N, Chirinos-Saire J, Pierre Vel\u00e1squez J, Munayco CV.<\/td><\/tr><tr><td width=\"529\"><p>Healthcare personnel in 2016-2019 prospective cohort infrequently got vaccinated, worked while ill, and frequently used antibiotics rather than antivirals against viral influenza illnesses.<\/p><p>Azziz-Baumgartner E<strong>,\u00a0<\/strong>Neyra J, Yau TS,<strong>\u00a0Soto G,\u00a0<\/strong>Owusu D, Zhang C, et al.<\/p><p>Influenza Other Respir Viruses. 2023;17(9):e13189.<\/p><p>DOI:\u00a0<a href=\"https:\/\/doi.org\/10.1111\/irv.13189\" target=\"_blank\" rel=\"noopener noreferrer\">https:\/\/doi.org\/10.1111\/irv.13189<\/a>.<\/p><\/td><td width=\"123\">Munayco CV.<\/td><\/tr><tr><td width=\"529\"><p>Clinical features of Guillain-Barr\u00e9 syndrome and factors associated with mortality during the 2019 outbreak in Peru.<\/p><p><strong>\u00a0<\/strong><strong>Reyes-Vega MF, Soto-Cabezas MG, Soriano-Moreno AN, Valle-Campos A<\/strong>, Aquino-Pe\u00f1a F,\u00a0<strong>Flores-Jaime N<\/strong>, et al.<\/p><p>J Neurol. 2023;270(1):369-376.<\/p><p><a href=\"https:\/\/link.springer.com\/article\/10.1007\/s00415-022-11331-4\" target=\"_blank\" rel=\"noopener noreferrer\">https:\/\/link.springer.com\/article\/10.1007\/s00415-022-11331-4<\/a>.<\/p><\/td><td width=\"123\">Reyes-Vega MF, Soto-Cabezas MG, Soriano-Moreno AN, Valle-Campos A, Flores-Jaime N, Martel KS, Munayco CV.<\/td><\/tr><tr><td width=\"529\"><p>Neonatal Mortality in Peru by 2030: departmental projections with an equity approach.<\/p><p>\u00c1vila J, Tavera Salazar M R, Miranda Monzon J A.<\/p><p>Rev. Cuerpo Med. HNAAA. 2023;16(1)<\/p><p><a href=\"https:\/\/doi.org\/10.35434\/rcmhnaaa.2023.16Supl.1.1957\" target=\"_blank\" rel=\"noopener\">https:\/\/doi.org\/10.35434\/rcmhnaaa.2023.16Supl.1.1957<\/a>. <\/p><\/td><td width=\"123\">\u00c1vila J.<\/td><\/tr><\/tbody><\/table><\/div>\n\t\t\t\t\t<\/div><div class=\"eael-accordion-list\">\n\t\t\t\t\t<div id=\"2022\" class=\"elementor-tab-title eael-accordion-header\" tabindex=\"0\" data-tab=\"5\" aria-controls=\"elementor-tab-content-1185\"><span class=\"eael-advanced-accordion-icon-closed\"><i aria-hidden=\"true\" class=\"fa-accordion-icon fas fa-plus\"><\/i><\/span><span class=\"eael-advanced-accordion-icon-opened\"><i aria-hidden=\"true\" class=\"fa-accordion-icon fas fa-minus\"><\/i><\/span><span class=\"eael-accordion-tab-title\">2022<\/span><i aria-hidden=\"true\" class=\"fa-toggle fas fa-angle-right\"><\/i><\/div><div id=\"elementor-tab-content-1185\" class=\"eael-accordion-content clearfix\" data-tab=\"5\" aria-labelledby=\"2022\"><table width=\"652\">\n<tbody>\n<tr>\n<td width=\"529\"><center><strong>Art\u00edculo cient\u00edfico seg\u00fan a\u00f1o de publicaci\u00f3n<\/strong><\/center><\/td>\n<td width=\"123\"><center><strong>Autores con filiaci\u00f3n CDC-MINSA<\/strong><\/center><\/td>\n<\/tr>\n<tr>\n<td width=\"529\">Confirmed Severe Acute Respiratory Syndrome Coronavirus 2 Reinfections After a Second Wave With Predominance of Lambda in Lima and Callao, Peru.\n\nPampa-Espinoza L<strong>,\u00a0<\/strong>Padilla-Rojas C, Silva-Valencia J, Jimenez-Vasquez V, Silva I, Mestanza O, Lope Pari P, et al<strong>.<\/strong>\n\nOpen Forum Infect Dis. 2022;9(6):ofac134.\n\nDOI:\u00a0<a href=\"https:\/\/doi.org\/10.1093\/ofid\/ofac134\" target=\"_blank\" rel=\"noopener noreferrer\">https:\/\/doi.org\/10.1093\/ofid\/ofac134<\/a>.<\/td>\n<td width=\"123\">Ordo\u00f1ez L.<\/td>\n<\/tr>\n<tr>\n<td width=\"529\">Inequality in Peruvian neonatal mortality generated by poverty and education, 2011-2019.\n\n<strong>Avila J.<\/strong>\n\nRev Peru Med Exp Salud Publica. 2022;39(2):178-84.\n\nDOI:\u00a0<a href=\"https:\/\/doi.org\/10.17843\/rpmesp.2022.392.10629\" target=\"_blank\" rel=\"noopener noreferrer\">https:\/\/doi.org\/10.17843\/rpmesp.2022.392.10629<\/a><\/td>\n<td width=\"123\">Avila J.<\/td>\n<\/tr>\n<tr>\n<td width=\"529\">Hospitalization, death, and probable reinfection in Peruvian healthcare workers infected with SARS-CoV-2: a national retrospective cohort study.\n\n<strong>Ramos W, Guerrero N, Napanga-Salda\u00f1a EO, Medina J,\u00a0<\/strong>Loayza M, De La Cruz-Vargas JA, et al.\n\nHum Resour Health. 2022;20(1):86.\n\n<a href=\"https:\/\/doi.org\/10.1186\/s12960-022-00787-0\" target=\"_blank\" rel=\"noopener noreferrer\">https:\/\/doi.org\/10.1186\/s12960-022-00787-0<\/a>.<\/td>\n<td width=\"123\">Ramos W, Guerrero N, Napanga-Salda\u00f1a EO, Medina J, Vagas M, Ordo\u00f1ez L, Arrasco J.<\/td>\n<\/tr>\n<tr>\n<td width=\"529\">Epidemiological Characteristics of Deaths from COVID-19 in Peru during the Initial Pandemic Response.\n\n<strong>Ramos W, Arrasco J,<\/strong>\u00a0De La Cruz-Vargas JA,\u00a0<strong>Ord\u00f3\u00f1ez L, Vargas M,<\/strong>\u00a0Secl\u00e9n-Ubill\u00fas Y, et al.\n\nHealthcare (Basel). 2022;10(12):2404.\n\nDOI:\u00a0<a href=\"https:\/\/doi.org\/10.3390\/healthcare10122404\" target=\"_blank\" rel=\"noopener noreferrer\">https:\/\/doi.org\/10.3390\/healthcare10122404<\/a>.<\/td>\n<td width=\"123\">Ramos W, Arrasco J, Ord\u00f3\u00f1ez L, Vargas M, Luna M, Guerrero N, Medina JL, Sandoval I.<\/td>\n<\/tr>\n<tr>\n<td width=\"529\">Associated factors, inequalities, and spatial distribution of the use of modern contraceptive methods among women of reproductive age in Peru: a population-based cross-sectional study.\n\nD\u00edaz-Alvites AL, Yrala-Castillo G, Al-Kassab-C\u00f3rdova A,\u00a0<strong>Munayco CV.<\/strong>\n\nBMC Public Health. 2022;22(1):2267.\n\nDOI:\u00a0<a href=\"https:\/\/doi.org\/10.1186\/s12889-022-14629-0\" target=\"_blank\" rel=\"noopener noreferrer\">https:\/\/doi.org\/10.1186\/s12889-022-14629-0<\/a>.<\/td>\n<td width=\"123\">Munayco CV.<\/td>\n<\/tr>\n<tr>\n<td width=\"529\">Association Between Demodex Infestation and Severe Acne Vulgaris: A Cross-Sectional Study of 168 Patients\n\nMaldonado-G\u00f3mez W, Guevara-S\u00e1nchez E, Guevara-V\u00e1squez G, Mera-Villasis K,\u00a0<strong>Munayco CV.<\/strong>\n\nActas Dermosifiliogr. 2022 Sep;113(8):758-764. English, Spanish.\n\nDOI:\u00a0<a href=\"https:\/\/doi.org\/10.1016\/j.ad.2022.03.011\" target=\"_blank\" rel=\"noopener noreferrer\">https:\/\/doi.org\/10.1016\/j.ad.2022.03.011<\/a>.<\/td>\n<td width=\"123\">Munayco CV.<\/td>\n<\/tr>\n<tr>\n<td width=\"529\">Maternal mortality linked to COVID-19 in Latin America: Results from a multi-country collaborative database of 447 deaths\n\nMaza-Arnedo F, Paternina-Caicedo A, Sosa CG, de Mucio B, Rojas-Suarez J, Say L,\u00a0et al.\n\nLancet Reg Health Am. 2022;12:100269.\n\nDOI:\u00a0<a href=\"https:\/\/doi.org\/10.1016\/j.lana.2022.100269\" target=\"_blank\" rel=\"noopener noreferrer\">10.1016\/j.lana.2022.100269<\/a>.<\/td>\n<td width=\"123\">Munayco CV, Gil F.<\/td>\n<\/tr>\n<tr>\n<td width=\"529\">Impacto de la COVID-19 en la mortalidad en Per\u00fa mediante la triangulaci\u00f3n de m\u00faltiples fuentes de datos\n\nValdez W, Miranda JA,\u00a0<strong>Napanga EO<\/strong>\u00a0y Driver CR\n\nRev Panam Salud Publica. 2022;46:e53.\n\nDOI:\u00a0<a href=\"https:\/\/doi.org\/10.26633\/RPSP.2022.53\" target=\"_blank\" rel=\"noopener noreferrer\">https:\/\/doi.org\/10.26633\/RPSP.2022.53<\/a>.<\/td>\n<td width=\"123\">Napanga EO.<\/td>\n<\/tr>\n<tr>\n<td width=\"529\">COVID-19 among Amazonian indigenous in Peru: mortality, incidence, and clinical characteristics.\n\n<strong>Soto-Cabezas MG, Reyes MF<\/strong>,\u00a0<strong>2<\/strong>,\u00a0<strong>Ibarg\u00fcen LO<\/strong>,\u00a0<strong>Martel KS<\/strong>, et al.\n\nJ Public Health (Oxf). 2022;44(3):e359-e365.\n\nDOI:\u00a0<a href=\"https:\/\/doi.org\/10.1093\/pubmed\/fdac058\" target=\"_blank\" rel=\"noopener noreferrer\">https:\/\/doi.org\/10.1093\/pubmed\/fdac058<\/a>.<\/td>\n<td width=\"123\">Soto-Cabezas MG, Reyes MF, Soriano AN, Rodr\u00edguez JPV, Ibarg\u00fcen LO, Martel KS, Flores N, Munayco CV.<\/td>\n<\/tr>\n<\/tbody>\n<\/table><\/div>\n\t\t\t\t\t<\/div><div class=\"eael-accordion-list\">\n\t\t\t\t\t<div id=\"2021\" class=\"elementor-tab-title eael-accordion-header\" tabindex=\"0\" data-tab=\"6\" aria-controls=\"elementor-tab-content-1186\"><span class=\"eael-advanced-accordion-icon-closed\"><i aria-hidden=\"true\" class=\"fa-accordion-icon fas fa-plus\"><\/i><\/span><span class=\"eael-advanced-accordion-icon-opened\"><i aria-hidden=\"true\" class=\"fa-accordion-icon fas fa-minus\"><\/i><\/span><span class=\"eael-accordion-tab-title\">2021<\/span><i aria-hidden=\"true\" class=\"fa-toggle fas fa-angle-right\"><\/i><\/div><div id=\"elementor-tab-content-1186\" class=\"eael-accordion-content clearfix\" data-tab=\"6\" aria-labelledby=\"2021\"><table width=\"652\">\n<tbody>\n<tr>\n<td width=\"529\"><center><strong>Art\u00edculo cient\u00edfico seg\u00fan a\u00f1o de publicaci\u00f3n<\/strong><\/center><\/td>\n<td width=\"123\"><center><strong>Autores con filiaci\u00f3n CDC-MINSA<\/strong><\/center><\/td>\n<\/tr>\n<tr>\n<td width=\"529\">SARS-CoV-2 prevalence associated to low socioeconomic status and overcrowding in an LMIC megacity: A population-based seroepidemiological survey in Lima, Peru.\n\n<strong>Reyes-Vega MF, Soto-Cabezas MG<\/strong>, C\u00e1rdenas F,\u00a0<strong>Martel KS, Valle A,<\/strong>\u00a0Valverde J, et al.\n\nEClinicalMedicine. 2021;34:100801.\n\nDOI:\u00a0<a href=\"https:\/\/doi.org\/10.1016\/j.eclinm.2021.100801\" target=\"_blank\" rel=\"noopener noreferrer\">https:\/\/doi.org\/10.1016\/j.eclinm.2021.100801<\/a>.<\/td>\n<td width=\"123\">Reyes-Vega MF, Soto-Cabezas MG, Martel KS, Valle A, Munayco CV<\/td>\n<\/tr>\n<tr>\n<td width=\"529\">Caracter\u00edsticas cl\u00ednicas y epidemiol\u00f3gicas de casos de enfermedad de Chagas aguda en la cuenca amaz\u00f3nica peruana, 2009-2016.\n\nVega S,\u00a0<strong>Cabrera R<\/strong>, \u00c1lvarez CA, Uribe-Vilca I, Guerrero-Quincho S, Ancca-Ju\u00e1rez J, et al.\n\nRev Peru Med Exp Salud Publica. 2021;38(1):70-6.\n\nDOI:\u00a0<a href=\"https:\/\/doi.org\/10.17843\/rpmesp.2021.381.6286\" target=\"_blank\" rel=\"noopener noreferrer\">https:\/\/doi.org\/10.17843\/rpmesp.2021.381.6286<\/a>.<\/td>\n<td width=\"123\">Cabrera R.<\/td>\n<\/tr>\n<tr>\n<td width=\"529\">A novel approach to modeling epidemic vulnerability, applied to Aedes aegypti-vectored diseases in Per\u00fa.\n\nMeisner J, Frisbie LA,\u00a0<strong>Munayco CV<\/strong>, Garc\u00eda PJ, C\u00e1rcamo CP, Morin CW, et al. BMC Infect Dis. 2021;21(1):846.\n\nDOI:\u00a0<a href=\"https:\/\/doi.org\/10.1186\/s12879-021-06530-9\" target=\"_blank\" rel=\"noopener noreferrer\">https:\/\/doi.org\/10.1186\/s12879-021-06530-9<\/a>.<\/td>\n<td width=\"123\">Munayco CV.<\/td>\n<\/tr>\n<tr>\n<td width=\"529\">Knowledge, attitudes, practices and perceptions about Zika in women of childbearing age in Amazonas, Peru\n\n<strong>Mateo SY<\/strong>, Guzm\u00e1n-Cuzcano JC, Pe\u00f1a-S\u00e1nchez ER,\u00a0<strong>Yon C, Valderrama B, Carrasco J<\/strong>, et al.\n\nRev Peru Med Exp Salud Publica. 2021;38(4):551-561. Spanish, English.\n\nDOI:\u00a0<a href=\"https:\/\/doi.org\/10.17843\/rpmesp.2021.384.8558\" target=\"_blank\" rel=\"noopener noreferrer\">https:\/\/doi.org\/10.17843\/rpmesp.2021.384.8558<\/a>.<\/td>\n<td width=\"123\">Mateo SY, Yon C, Valderrama B, Carrasco J, Chapilliquen F.<\/td>\n<\/tr>\n<tr>\n<td width=\"529\">Encefalitis letal por amebas de vida libre en tres miembros de una familia, Tumbes, Per\u00fa.\n\n<strong>Sol\u00eds-Castro ME<\/strong>.\n\nRev Peru Med Exp Salud Publica. 2021;38(2):291- 5.\n\nDOI:\u00a0<a href=\"https:\/\/doi.org\/10.17843\/rpmesp.2021.382.6754\" target=\"_blank\" rel=\"noopener noreferrer\">https:\/\/doi.org\/10.17843\/rpmesp.2021.382.6754<\/a>.<\/td>\n<td width=\"123\">Sol\u00eds-Castro ME.<\/td>\n<\/tr>\n<tr>\n<td width=\"529\">Meteorological factors and childhood diarrhea in Peru, 2005-2015: a time series analysis of historic associations, with implications for climate change.\n\nDelahoy MJ, C\u00e1rcamo C, Huerta A, Lavado W, Escajadillo Y,\u00a0<strong>Ordo\u00f1ez L<\/strong>, et al.\n\nEnviron Health. 2021;20(1):22.\n\nDOI:\u00a0<a href=\"https:\/\/doi.org\/10.1186\/s12940-021-00703-4\" target=\"_blank\" rel=\"noopener noreferrer\">https:\/\/doi.org\/10.1186\/s12940-021-00703-4<\/a>.<\/td>\n<td width=\"123\">Ordo\u00f1ez L.<\/td>\n<\/tr>\n<tr>\n<td width=\"529\">Caracter\u00edsticas epidemiol\u00f3gicas de Casos de ofidismo registrados en el Per\u00fa durante el per\u00edodo 2010-2019\n\nHerrada G, Le\u00f3n D,\u00a0<strong>Cabanillas O<\/strong>.\n\n<em>Salud Y Tecnolog\u00eda Veterinaria<\/em>.\u00a02020;\u00a0<em>8<\/em>(2), 66-73.\n\n<a href=\"https:\/\/revistas.upch.edu.pe\/index.php\/STV\/article\/view\/3875\/4394\" target=\"_blank\" rel=\"noopener noreferrer\">https:\/\/revistas.upch.edu.pe\/index.php\/STV\/article\/view\/3875\/4394<\/a>.<\/td>\n<td width=\"123\">Cabanillas O.<\/td>\n<\/tr>\n<tr>\n<td width=\"529\">Inequality in the distribution of doctors in Peru.\n\n<strong>Garc\u00eda A E O<\/strong>.\n\nRevista Cubana de Salud P\u00fablica. 2021;47(1), 1-16.\n\n<a href=\"https:\/\/www.medigraphic.com\/pdfs\/revcubsalpub\/csp-2021\/csp211c.pdf\" target=\"_blank\" rel=\"noopener noreferrer\">https:\/\/www.medigraphic.com\/pdfs\/revcubsalpub\/csp-2021\/csp211c.pdf<\/a>.<\/td>\n<td width=\"123\">Garc\u00eda AEO.<\/td>\n<\/tr>\n<tr>\n<td width=\"529\">Primer reporte de Candida auris en Per\u00fa.\n\nPaucar-Miranda C, Sandoval-Ahumada R, L\u00f3pez-Mart\u00ednez R, Terrel-Gutierrez L, Zurita-Macalapu S, Urcia-Ausejo F, et al.\n\nAn Fac med. 2021;82(1):56-61.\n\nDOI:\u00a0<a href=\"https:\/\/doi.org\/10.15381\/anales.v82i1.20739\" target=\"_blank\" rel=\"noopener noreferrer\">https:\/\/doi.org\/10.15381\/anales.v82i1.20739<\/a>.<\/td>\n<td width=\"123\">Zenobia Quispe-Pardo<\/td>\n<\/tr>\n<\/tbody>\n<\/table><\/div>\n\t\t\t\t\t<\/div><div class=\"eael-accordion-list\">\n\t\t\t\t\t<div id=\"2020\" class=\"elementor-tab-title eael-accordion-header\" tabindex=\"0\" data-tab=\"7\" aria-controls=\"elementor-tab-content-1187\"><span class=\"eael-advanced-accordion-icon-closed\"><i aria-hidden=\"true\" class=\"fa-accordion-icon fas fa-plus\"><\/i><\/span><span class=\"eael-advanced-accordion-icon-opened\"><i aria-hidden=\"true\" class=\"fa-accordion-icon fas fa-minus\"><\/i><\/span><span class=\"eael-accordion-tab-title\">2020<\/span><i aria-hidden=\"true\" class=\"fa-toggle fas fa-angle-right\"><\/i><\/div><div id=\"elementor-tab-content-1187\" class=\"eael-accordion-content clearfix\" data-tab=\"7\" aria-labelledby=\"2020\"><table width=\"652\"><tbody><tr><td width=\"529\"><center><strong>Art\u00edculo cient\u00edfico seg\u00fan a\u00f1o de publicaci\u00f3n<\/strong><\/center><\/td><td width=\"123\"><center><strong>Autores con filiaci\u00f3n CDC-MINSA<\/strong><\/center><\/td><\/tr><tr><td width=\"529\"><p>Early transmission dynamics of COVID-19 in a southern hemisphere setting: Lima-Peru: February 29th\u2013March 30th, 2020<\/p><p><strong>Munayco CV<\/strong>, Tariq A, Rothenberg R,\u00a0<strong>Soto-Cabezas GG, Reyes MF, Valle A,<\/strong>\u00a0et al.<\/p><p>Infect Dis Model. 2020;5:338-345.<\/p><p>DOI:\u00a0<a href=\"https:\/\/doi.org\/10.1016\/j.idm.2020.05.001\" target=\"_blank\" rel=\"noopener noreferrer\">https:\/\/doi.org\/10.1016\/j.idm.2020.05.001<\/a>.<\/p><\/td><td width=\"123\">Munayco CV, Soto-Cabezas MG, Reyes MF, Valle A, Loayza M.<\/td><\/tr><tr><td width=\"529\"><p>Estudio de factibilidad para evaluar la proporci\u00f3n de c\u00e1ncer atribuible a factores de riesgo modificables en el Per\u00fa y Latinoam\u00e9rica.<\/p><p>De La Cruz-Vargas JA<strong>, Ramos W<\/strong>, Chanduv\u00ed W, Espinoza R,\u00a0<strong>Guerrero N<\/strong>, Loayza-Castro J, et al.<\/p><p>Rev. Fac. Med. Hum. Enero 2020; 20(1):114-122.<\/p><p>DOI\u00a0<a href=\"https:\/\/revistas.urp.edu.pe\/index.php\/RFMH\/article\/view\/2657\" target=\"_blank\" rel=\"noopener\">https:\/\/revistas.urp.edu.pe\/index.php\/RFMH\/article\/view\/2657<\/a><\/p><\/td><td width=\"123\">Ramos W, Guerrero N, Loayza M.<\/td><\/tr><tr><td width=\"529\"><p>Perfil epidemiol\u00f3gico de la tuberculosis extensivamente resistente en el Per\u00fa, 2013-2015.<\/p><p><strong>Soto MG, Munayco CV<\/strong>, Escalante O, Valencia E, Arica J, Yagui MJA.<\/p><p>Rev Panam Salud Publica. 2020;44:e29.<\/p><p>DOI:\u00a0<a href=\"https:\/\/doi.org\/10.26633\/RPSP.2020.29\" target=\"_blank\" rel=\"noopener noreferrer\">https:\/\/doi.org\/10.26633\/RPSP.2020.29<\/a><\/p><\/td><td width=\"123\">Soto Cabezas MG, Munayco Escate CV.<\/td><\/tr><tr><td width=\"529\"><p>Risk of death by age and gender from CoVID-19 in Peru, March-May, 2020.<\/p><p><strong>Munayco C<\/strong>, Chowell G, Tariq A, Undurraga EA, Mizumoto K.<\/p><p>Aging (Albany NY). 2020;12(14):13869-13881.<\/p><p>DOI:\u00a0<a href=\"https:\/\/doi.org\/10.18632\/aging.103687\" target=\"_blank\" rel=\"noopener noreferrer\">https:\/\/doi.org\/10.18632\/aging.103687<\/a>.<\/p><\/td><td width=\"123\">Munayco C.<\/td><\/tr><tr><td width=\"529\"><p>Spatial dynamics and the basic reproduction number of the 1991-1997 Cholera epidemic in Peru<\/p><p>Smirnova A, Sterrett N, Mujica OJ,\u00a0<strong>Munayco C<\/strong>, Su\u00e1rez L, Viboud C, et al.<\/p><p>PLoS Negl Trop Dis. 2020;14(7):e0008045.<\/p><p>DOI:\u00a0<a href=\"https:\/\/doi.org\/10.1371\/journal.pntd.0008045\" target=\"_blank\" rel=\"noopener noreferrer\">https:\/\/doi.org\/10.1371\/journal.pntd.0008045<\/a>.<\/p><\/td><td width=\"123\">Munayco C.<\/td><\/tr><tr><td width=\"529\"><p>Prevalence of positive TST among healthcare workers in high-burden TB setting in Peru.<\/p><p>Sedamano J, Schwalb A, Cachay R, Zamudio C, Ugarte-Gil C,\u00a0<strong>Soto-Cabezas G<\/strong>, et al.<\/p><p>BMC Public Health. 2020;20(1):612.<\/p><p>DOI:\u00a0<a href=\"https:\/\/doi.org\/10.1186\/s12889-020-08756-9\" target=\"_blank\" rel=\"noopener noreferrer\">https:\/\/doi.org\/10.1186\/s12889-020-08756-9<\/a>.<\/p><\/td><td width=\"123\">Soto Cabezas MG, Munayco Escate CV.<\/td><\/tr><tr><td width=\"529\"><p>Cutaneous Manifestations of Zika in Peru.<\/p><p><strong>Ramos W<\/strong>, Luna M, Alarc\u00f3n T, Jim\u00e9nez G, D\u00edaz J, Calder\u00f3n M, et al.<\/p><p>J Cutan Med Surg. 2020;24(1):33-40.<\/p><p>DOI:\u00a0<a href=\"https:\/\/doi.org\/10.1177\/1203475419878160\" target=\"_blank\" rel=\"noopener noreferrer\">https:\/\/doi.org\/10.1177\/1203475419878160<\/a>.<\/p><\/td><td width=\"123\">Ramos W.<\/td><\/tr><tr><td width=\"529\"><p>Association of PM<sub>2.5<\/sub>\u00a0concentration with health center outpatient visits for respiratory diseases of children under 5\u2009years old in Lima, Peru.<\/p><p>Davila JE, Tapia V, Vasquez V,\u00a0<strong>Ordo\u00f1ez L,<\/strong>\u00a0Vu BN, Steenland K, et al.<\/p><p>Environ Health. 2020;19(1):7.<\/p><p>DOI:\u00a0<a href=\"https:\/\/doi.org\/10.1186\/s12940-020-0564-5\" target=\"_blank\" rel=\"noopener noreferrer\">https:\/\/doi.org\/10.1186\/s12940-020-0564-5<\/a>.<\/p><\/td><td width=\"123\">Ordo\u00f1ez Ibarguen L.<\/td><\/tr><tr><td width=\"529\"><p>Impact of Rotavirus Vaccination Varies by Level of Access to Piped Water and Sewerage: An Analysis of Childhood Clinic Visits for Diarrhea in Peru, 2005-2015.<\/p><p>Delahoy MJ, C\u00e1rcamo C,\u00a0<strong>Ordo\u00f1ez L<\/strong>, Vasquez V, Lopman B, Clasen T, et al. Pediatr Infect Dis J. 2020;39(8):756-762.<\/p><p>DOI:\u00a0<a href=\"https:\/\/doi.org\/10.1097%2FINF.0000000000002702\" target=\"_blank\" rel=\"noopener noreferrer\">https:\/\/doi.org\/10.1097%2FINF.0000000000002702<\/a>.<\/p><\/td><td width=\"123\">Ordo\u00f1ez L.<\/td><\/tr><\/tbody><\/table><\/div>\n\t\t\t\t\t<\/div><div class=\"eael-accordion-list\">\n\t\t\t\t\t<div id=\"2019\" class=\"elementor-tab-title eael-accordion-header\" tabindex=\"0\" data-tab=\"8\" aria-controls=\"elementor-tab-content-1188\"><span class=\"eael-advanced-accordion-icon-closed\"><i aria-hidden=\"true\" class=\"fa-accordion-icon fas fa-plus\"><\/i><\/span><span class=\"eael-advanced-accordion-icon-opened\"><i aria-hidden=\"true\" class=\"fa-accordion-icon fas fa-minus\"><\/i><\/span><span class=\"eael-accordion-tab-title\">2019<\/span><i aria-hidden=\"true\" class=\"fa-toggle fas fa-angle-right\"><\/i><\/div><div id=\"elementor-tab-content-1188\" class=\"eael-accordion-content clearfix\" data-tab=\"8\" aria-labelledby=\"2019\"><table width=\"652\">\n<tbody>\n<tr>\n<td width=\"529\"><center><strong>Art\u00edculo cient\u00edfico seg\u00fan a\u00f1o de publicaci\u00f3n<\/strong><\/center><\/td>\n<td width=\"123\"><center><strong>Autores con filiaci\u00f3n CDC-MINSA<\/strong><\/center><\/td>\n<\/tr>\n<tr>\n<td width=\"529\">Epidemiolog\u00eda del s\u00edndrome de Guillain-Barr\u00e9 en el Per\u00fa.\n\n<strong>Munayco CV, Soto MG, Reyes<\/strong>\u00a0MF, Arica JA,\u00a0<strong>Napanga O.<\/strong>\n\nRev Peru Med Exp Salud Publica. 2019;36(1):10-6.\n\nDOI:\u00a0<a href=\"https:\/\/doi.org\/10.17843\/rpmesp.2019.361.3729\" target=\"_blank\" rel=\"noopener noreferrer\">https:\/\/doi.org\/10.17843\/rpmesp.2019.361.3729<\/a>.<\/td>\n<td width=\"123\">Munayco CV, Soto MG, Reyes MF, Napanga O.<\/td>\n<\/tr>\n<tr>\n<td width=\"529\">Burden of influenza-associated respiratory hospitalizations in the Americas, 2010-2015.\n\nPalekar RS, Rolfes MA, Arriola CS, Acosta BO, Guidos PA, Vargas XB, et al.\n\nPLoS One. 2019;14(9):e0221479.\n\nDOI:\u00a0<a href=\"https:\/\/doi.org\/10.1371\/journal.pone.0221479\" target=\"_blank\" rel=\"noopener noreferrer\">https:\/\/doi.org\/10.1371\/journal.pone.0221479<\/a>.<\/td>\n<td width=\"123\">Medina JL<\/td>\n<\/tr>\n<\/tbody>\n<\/table><\/div>\n\t\t\t\t\t<\/div><div class=\"eael-accordion-list\">\n\t\t\t\t\t<div id=\"2018\" class=\"elementor-tab-title eael-accordion-header\" tabindex=\"0\" data-tab=\"9\" aria-controls=\"elementor-tab-content-1189\"><span class=\"eael-advanced-accordion-icon-closed\"><i aria-hidden=\"true\" class=\"fa-accordion-icon fas fa-plus\"><\/i><\/span><span class=\"eael-advanced-accordion-icon-opened\"><i aria-hidden=\"true\" class=\"fa-accordion-icon fas fa-minus\"><\/i><\/span><span class=\"eael-accordion-tab-title\">2018<\/span><i aria-hidden=\"true\" class=\"fa-toggle fas fa-angle-right\"><\/i><\/div><div id=\"elementor-tab-content-1189\" class=\"eael-accordion-content clearfix\" data-tab=\"9\" aria-labelledby=\"2018\"><table width=\"652\">\n<tbody>\n<tr>\n<td width=\"529\"><center><strong>Art\u00edculo cient\u00edfico seg\u00fan a\u00f1o de publicaci\u00f3n<\/strong><\/center><\/td>\n<td width=\"123\"><center><strong>Autores con filiaci\u00f3n CDC-MINSA<\/strong><\/center><\/td>\n<\/tr>\n<tr>\n<td width=\"529\">Barreras para la calidad de informaci\u00f3n en establecimientos de salud de la Amazon\u00eda: El caso de tres sistemas de informaci\u00f3n de VIH\/Sida, hepatitis B y s\u00edfilis cong\u00e9nita.\n\n<strong>Palma-Pinedo H, Reyes-Vega M<\/strong>.\n\nRev Peru Med Exp Salud Publica. 2018;35(1):25-31.\n\nDOI:\u00a0<a href=\"http:\/\/dx.doi.org\/10.17843\/rpmesp.2018.351.3596\" target=\"_blank\" rel=\"noopener noreferrer\">http:\/\/dx.doi.org\/10.17843\/rpmesp.2018.351.3596<\/a>.<\/td>\n<td width=\"123\">Palma-Pinedo H, Reyes-Vega M.<\/td>\n<\/tr>\n<tr>\n<td width=\"529\">Barreras identificadas por el personal de salud para el tamizaje de VIH en poblaci\u00f3n ind\u00edgena de la Amazon\u00eda peruana.\n\n<strong>Palma-Pinedo H, Reyes-Vega M<\/strong>.\n\nRev Peru Med Exp Salud Publica. 2018;35(4):610-9.\n\nDOI:\u00a0<a href=\"https:\/\/doi.org\/10.17843\/rpmesp.2018.354.3855\" target=\"_blank\" rel=\"noopener noreferrer\">https:\/\/doi.org\/10.17843\/rpmesp.2018.354.3855<\/a>.<\/td>\n<td width=\"123\">Palma-Pinedo H, Reyes-Vega M.<\/td>\n<\/tr>\n<tr>\n<td width=\"529\">Antidesmoglein 1 and 3 antibodies in healthy subjects of a population in the Peruvian high amazon.\n\n<strong>Ramos W<\/strong>, D\u00edaz J, Gutierrez EL, Lazarte JS, Bohnett MC, Ronceros G, et al.\n\nInt J Dermatol. 2018;57(3):344-348.\n\nDOI:\u00a0<a href=\"https:\/\/doi.org\/10.1111\/ijd.13824\" target=\"_blank\" rel=\"noopener noreferrer\">https:\/\/doi.org\/10.1111\/ijd.13824<\/a>.<\/td>\n<td width=\"123\">Ramos W.<\/td>\n<\/tr>\n<tr>\n<td width=\"529\">Resultados preliminares del fortalecimiento del sistema inform\u00e1tico nacional de defunciones.\n\nVargas-Herrera J, Ruiz KP,\u00a0<strong>Nu\u00f1ez GG<\/strong>, Ohno JM, P\u00e9rez-Lu JE, Huarcaya WV, et al.\n\nRev Peru Med Exp Salud Publica. 2018;35(3):505-514. Spanish.\n\nDOI:\u00a0<a href=\"http:\/\/dx.doi.org\/10.17843\/rpmesp.2018.353.3913\" target=\"_blank\" rel=\"noopener noreferrer\">http:\/\/dx.doi.org\/10.17843\/rpmesp.2018.353.3913<\/a>.<\/td>\n<td width=\"123\">Nu\u00f1ez GG.<\/td>\n<\/tr>\n<tr>\n<td width=\"529\">Estimates of global seasonal influenza-associated respiratory mortality: a modelling study\n\nLuliano A, Roguski K, Chang H, Muscatello D, Palekar R, Tempia S, et al.\n\nThe Lancet. (2018);\u00a0391(10127): 1285-1300.\n\nDOI:\u00a0<a href=\"https:\/\/doi.org\/10.1016\/s0140-6736(17)33293-2\" target=\"_blank\" rel=\"noopener noreferrer\">https:\/\/doi.org\/10.1016\/s0140-6736(17)33293-2<\/a>.<\/td>\n<td width=\"123\">Medina, J.<\/td>\n<\/tr>\n<\/tbody>\n<\/table><\/div>\n\t\t\t\t\t<\/div><div class=\"eael-accordion-list\">\n\t\t\t\t\t<div id=\"2017\" class=\"elementor-tab-title eael-accordion-header\" tabindex=\"0\" data-tab=\"10\" aria-controls=\"elementor-tab-content-11810\"><span class=\"eael-advanced-accordion-icon-closed\"><i aria-hidden=\"true\" class=\"fa-accordion-icon fas fa-plus\"><\/i><\/span><span class=\"eael-advanced-accordion-icon-opened\"><i aria-hidden=\"true\" class=\"fa-accordion-icon fas fa-minus\"><\/i><\/span><span class=\"eael-accordion-tab-title\">2017<\/span><i aria-hidden=\"true\" class=\"fa-toggle fas fa-angle-right\"><\/i><\/div><div id=\"elementor-tab-content-11810\" class=\"eael-accordion-content clearfix\" data-tab=\"10\" aria-labelledby=\"2017\"><table width=\"652\">\n<tbody>\n<tr>\n<td width=\"529\"><center><strong>Art\u00edculo cient\u00edfico seg\u00fan a\u00f1o de publicaci\u00f3n<\/strong><\/center><\/td>\n<td width=\"123\"><center><strong>Autores con filiaci\u00f3n CDC-MINSA<\/strong><\/center><\/td>\n<\/tr>\n<tr>\n<td width=\"529\">La vigilancia de los eventos sanitarios a trav\u00e9s de los medios de comunicaci\u00f3n en el Per\u00fa.\n\n<strong>Palpan-Guerra A, Munayo CV.<\/strong>\n\nRev Peru Med Exp Salud Publica. 2017;34(3):395-403.\n\nDOI:\u00a0<a href=\"http:\/\/dx.doi.org\/10.17843\/rpmesp.2017.343.2879\" target=\"_blank\" rel=\"noopener noreferrer\">http:\/\/dx.doi.org\/10.17843\/rpmesp.2017.343.2879<\/a>.<\/td>\n<td width=\"123\">Palpan-Guerra A, Munayo CV.<\/td>\n<\/tr>\n<tr>\n<td width=\"529\">Prevalencia de infecci\u00f3n tuberculosa latente en trabajadores de salud de establecimientos del primer nivel de atenci\u00f3n. Lima, Per\u00fa.\n\n<strong>Soto MG, Munayco CV,<\/strong>\u00a0Ch\u00e1vez J, L\u00f3pez SL, Moore D.\n\nRev Peru Med Exp Salud Publica. 2017;34(4):649-54.\n\nDOI:\u00a0<a href=\"http:\/\/www.scielo.org.pe\/scielo.php?script=sci_arttext&amp;pid=S1726-46342017000400010\" target=\"_blank\" rel=\"noopener noreferrer\">http:\/\/www.scielo.org.pe\/scielo.php?script=sci_arttext&amp;pid=S1726-46342017000400010<\/a>.<\/td>\n<td width=\"123\">Soto Cabezas MG, Munayco Escate CV.<\/td>\n<\/tr>\n<tr>\n<td width=\"529\">Cancer patterns, trends, and transitions in Peru: a regional perspective.\n\nPi\u00f1eros M,\u00a0<strong>Ramos W<\/strong>, Antoni S, Abriata G, Medina LE, Miranda JJ, et al.\n\nLancet Oncol. 2017;18(10):e573-e586.\n\nDOI:\u00a0<a href=\"https:\/\/doi.org\/10.1016\/s1470-2045(17)30377-7\" target=\"_blank\" rel=\"noopener noreferrer\">https:\/\/doi.org\/10.1016\/s1470-2045(17)30377-7<\/a>.<\/td>\n<td width=\"123\">Ramos W.<\/td>\n<\/tr>\n<\/tbody>\n<\/table><\/div>\n\t\t\t\t\t<\/div><div class=\"eael-accordion-list\">\n\t\t\t\t\t<div id=\"2016\" class=\"elementor-tab-title eael-accordion-header\" tabindex=\"0\" data-tab=\"11\" aria-controls=\"elementor-tab-content-11811\"><span class=\"eael-advanced-accordion-icon-closed\"><i aria-hidden=\"true\" class=\"fa-accordion-icon fas fa-plus\"><\/i><\/span><span class=\"eael-advanced-accordion-icon-opened\"><i aria-hidden=\"true\" class=\"fa-accordion-icon fas fa-minus\"><\/i><\/span><span class=\"eael-accordion-tab-title\">2016<\/span><i aria-hidden=\"true\" class=\"fa-toggle fas fa-angle-right\"><\/i><\/div><div id=\"elementor-tab-content-11811\" class=\"eael-accordion-content clearfix\" data-tab=\"11\" aria-labelledby=\"2016\"><table width=\"652\">\n<tbody>\n<tr>\n<td width=\"529\"><center><strong>Art\u00edculo cient\u00edfico seg\u00fan a\u00f1o de publicaci\u00f3n<\/strong><\/center><\/td>\n<td width=\"123\"><center><strong>Autores con filiaci\u00f3n CDC-MINSA<\/strong><\/center><\/td>\n<\/tr>\n<tr>\n<td width=\"529\">Tuberculosis en trabajadores de salud en el Per\u00fa, 2013-2015.\n\n<strong>Soto-Cabezas MG, Ch\u00e1vez-Pachas AM, Arrasco-Alegre JC, Yagui-Moscoso MJA.<\/strong>\n\nRev Peru Med Exp Salud Publica. 2016;33(4):607-15.\n\nDOI:\u00a0<a href=\"https:\/\/doi.org\/10.17843\/rpmesp.2016.334.2542\" target=\"_blank\" rel=\"noopener noreferrer\">https:\/\/doi.org\/10.17843\/rpmesp.2016.334.2542<\/a>.<\/td>\n<td width=\"123\">Soto-Cabezas MG, Ch\u00e1vez-Pachas AM, Arrasco-Alegre JC, Yagui-Moscoso MJA.<\/td>\n<\/tr>\n<\/tbody>\n<\/table><\/div>\n\t\t\t\t\t<\/div><div class=\"eael-accordion-list\">\n\t\t\t\t\t<div id=\"2015\" class=\"elementor-tab-title eael-accordion-header\" tabindex=\"0\" data-tab=\"12\" aria-controls=\"elementor-tab-content-11812\"><span class=\"eael-advanced-accordion-icon-closed\"><i aria-hidden=\"true\" class=\"fa-accordion-icon fas fa-plus\"><\/i><\/span><span class=\"eael-advanced-accordion-icon-opened\"><i aria-hidden=\"true\" class=\"fa-accordion-icon fas fa-minus\"><\/i><\/span><span class=\"eael-accordion-tab-title\">2015<\/span><i aria-hidden=\"true\" class=\"fa-toggle fas fa-angle-right\"><\/i><\/div><div id=\"elementor-tab-content-11812\" class=\"eael-accordion-content clearfix\" data-tab=\"12\" aria-labelledby=\"2015\"><table width=\"652\">\n<tbody>\n<tr>\n<td width=\"529\"><center><strong>Art\u00edculo cient\u00edfico seg\u00fan a\u00f1o de publicaci\u00f3n<\/strong><\/center><\/td>\n<td width=\"123\"><center><strong>Autores con filiaci\u00f3n CDC-MINSA<\/strong><\/center><\/td>\n<\/tr>\n<tr>\n<td width=\"529\">\u00bfC\u00f3mo informaron los medios de comunicaci\u00f3n sobre la influenza AH1N1 en Per\u00fa?.\n\n<strong>Palpan-Guerra A, Munayco CV.<\/strong>\n\nRev Peru Med Exp Salud Publica. 2015;32(2):294-8.\u00a0<a href=\"https:\/\/www.scielosp.org\/pdf\/rpmesp\/2015.v32n2\/294-298\/es\" target=\"_blank\" rel=\"noopener noreferrer\">https:\/\/www.scielosp.org\/pdf\/rpmesp\/2015.v32n2\/294-298\/es<\/a>.<\/td>\n<td width=\"123\">Palpan-Guerra A, Munayco CV.<\/td>\n<\/tr>\n<tr>\n<td width=\"529\">Weather Regulates Location, Timing, and Intensity of Dengue Virus Transmission between Humans and Mosquitoes.\n\nCampbell KM, Haldeman K, Lehnig C, Munayco CV, Halsey ES,\u00a0<strong>Laguna-Torres VA<\/strong>, et al.\n\nPLoS Negl Trop Dis 9(7): e0003957.\n\nDOI:\u00a0<a href=\"https:\/\/doi.org\/10.1371\/journal.pntd.0003957\" target=\"_blank\" rel=\"noopener noreferrer\">https:\/\/doi.org\/10.1371\/journal.pntd.0003957<\/a>.<\/td>\n<td width=\"123\">Laguna-Torres VA, Yagui M.<\/td>\n<\/tr>\n<tr>\n<td width=\"529\">Terapeutas tradicionales andinos en un contexto de cambio: el caso de Churcampa en el Per\u00fa\n\nPortocarrero J,\u00a0<strong>Palma H<\/strong>, Pesantes MA, Seminario G, Lema C.\n\nRev Peru Med Exp Salud Publica. 2015;32(3):492-8.\n\n<a href=\"http:\/\/www.scielo.org.pe\/scielo.php?script=sci_arttext&amp;pid=S1726-46342015000300012\" target=\"_blank\" rel=\"noopener noreferrer\">http:\/\/www.scielo.org.pe\/scielo.php?script=sci_arttext&amp;pid=S1726-46342015000300012<\/a>.<\/td>\n<td width=\"123\">Palma H.<\/td>\n<\/tr>\n<tr>\n<td width=\"529\">Outbreak of Cutaneous Leishmaniasis in Peruvian Military Personnel Undertaking Training Activities in the Amazon Basin, 2010.\n\nOr\u00e9 M, S\u00e1enz E,\u00a0<strong>Cabrera R<\/strong>, Sanchez JF, De Los Santos MB, Lucas CM, et al. Am J Trop Med Hyg. 2015;93(2):340-346.\n\nDOI:\u00a0<a href=\"https:\/\/doi.org\/10.4269%2Fajtmh.15-0107\" target=\"_blank\" rel=\"noopener noreferrer\">https:\/\/doi.org\/10.4269%2Fajtmh.15-0107<\/a>.<\/td>\n<td width=\"123\">Cabrera R, Arrasco J.<\/td>\n<\/tr>\n<tr>\n<td width=\"529\">Caracter\u00edsticas epidemiol\u00f3gicas de la mortalidad neonatal en el Per\u00fa, 2011-2012.\n\n<strong>\u00c1vila J<\/strong>, Tavera M, Carrasco M.\n\nRev Peru Med Exp Salud Publica. 2015;32(3):423-30\n\n<a href=\"http:\/\/www.scielo.org.pe\/scielo.php?script=sci_arttext&amp;pid=S1726-46342015000300003\" target=\"_blank\" rel=\"noopener noreferrer\">http:\/\/www.scielo.org.pe\/scielo.php?script=sci_arttext&amp;pid=S1726-46342015000300003<\/a><\/td>\n<td width=\"123\">\u00c1vila J.<\/td>\n<\/tr>\n<tr>\n<td width=\"529\">Sistema de informaci\u00f3n de la red nacional de laboratorios de salud p\u00fablica en el Per\u00fa (Netlab).\n\nVargas-Herrera J, Segovia-Juarez J,\u00a0<strong>Garro GM.<\/strong>\n\nRev Peru Med Exp Salud Publica. 2015;32(2):378-84.\u00a0<a href=\"https:\/\/www.scielosp.org\/pdf\/rpmesp\/2015.v32n2\/378-384\/es\" target=\"_blank\" rel=\"noopener noreferrer\">https:\/\/www.scielosp.org\/pdf\/rpmesp\/2015.v32n2\/378-384\/es<\/a>.<\/td>\n<td width=\"123\">Garro Nu\u00f1ez GM.<\/td>\n<\/tr>\n<\/tbody>\n<\/table><\/div>\n\t\t\t\t\t<\/div><div class=\"eael-accordion-list\">\n\t\t\t\t\t<div id=\"2014\" class=\"elementor-tab-title eael-accordion-header\" tabindex=\"0\" data-tab=\"13\" aria-controls=\"elementor-tab-content-11813\"><span class=\"eael-advanced-accordion-icon-closed\"><i aria-hidden=\"true\" class=\"fa-accordion-icon fas fa-plus\"><\/i><\/span><span class=\"eael-advanced-accordion-icon-opened\"><i aria-hidden=\"true\" class=\"fa-accordion-icon fas fa-minus\"><\/i><\/span><span class=\"eael-accordion-tab-title\">2014<\/span><i aria-hidden=\"true\" class=\"fa-toggle fas fa-angle-right\"><\/i><\/div><div id=\"elementor-tab-content-11813\" class=\"eael-accordion-content clearfix\" data-tab=\"13\" aria-labelledby=\"2014\"><table width=\"652\"><tbody><tr><td width=\"529\"><center><strong>Art\u00edculo cient\u00edfico seg\u00fan a\u00f1o de publicaci\u00f3n<\/strong><\/center><\/td><td width=\"123\"><center><strong>Autores con filiaci\u00f3n CDC-MINSA<\/strong><\/center><\/td><\/tr><tr><td width=\"529\"><p>Los determinantes sociales de la violencia urbana: posibles efectos del conflicto armado interno ocurrido en el Per\u00fa.<\/p><p><strong>Oyola-Garc\u00eda A, Soto-Cabezas M, Palp\u00e1n-Guerra A, V\u00edlchezGutarra A,\u00a0<\/strong>Hern\u00e1ndez-V\u00e1squez A.<\/p><p>Rev peru epidemiol. 2014; 18 (S1): e07.\u00a0<a href=\"https:\/\/www.redalyc.org\/pdf\/2031\/203132677007.pdf\" target=\"_blank\" rel=\"noopener noreferrer\">https:\/\/www.redalyc.org\/pdf\/2031\/203132677007.pdf<\/a>.<\/p><\/td><td width=\"123\">Oyola-Garc\u00eda, Alfredo; Soto-Cabezas, Mirtha; Palp\u00e1n-Guerra, Ada; V\u00edlchez-Gutarra, Aquiles<\/td><\/tr><tr><td width=\"529\"><p>Resultados de la vigilancia epidemiol\u00f3gica de diabetes mellitus en hospitales notificantes del Per\u00fa, 2012.<\/p><p><strong>Ramos W, L\u00f3pez T, Revilla L,<\/strong>\u00a0More L, Huaman\u00ed M, Pozo M.<\/p><p>Rev Peru Med Exp Salud Publica. 2014;31(1):9-15.\u00a0<a href=\"https:\/\/www.scielosp.org\/pdf\/rpmesp\/2014.v31n1\/09-15\/es\" target=\"_blank\" rel=\"noopener noreferrer\">https:\/\/www.scielosp.org\/pdf\/rpmesp\/2014.v31n1\/09-15\/es<\/a>.<\/p><\/td><td width=\"123\">Ramos W, L\u00f3pez T, Revilla L.<\/td><\/tr><tr><td width=\"529\"><p>Rabia en Potos flavus identificados en el departamento de Madre de Dios, Per\u00fa.<\/p><p><strong>Vargas-Linares E, Roman\u00ed-Roman\u00ed F<\/strong>, L\u00f3pez-Ingunza R,\u00a0<strong>Arrasco-Alegre J, Yagui-Moscoso M.<\/strong><\/p><p>Rev Peru Med Exp Salud Publica. 2014;31(1):88-93.<\/p><p><a href=\"https:\/\/www.scielosp.org\/pdf\/rpmesp\/2014.v31n1\/88-93\/es\" target=\"_blank\" rel=\"noopener noreferrer\">https:\/\/www.scielosp.org\/pdf\/rpmesp\/2014.v31n1\/88-93\/es<\/a>.<\/p><\/td><td width=\"123\">Vargas-Linares E, Roman\u00ed-Roman\u00ed F, Arrasco-Alegre J, Yagui-Moscoso M.<\/td><\/tr><tr><td width=\"529\"><p>Los determinantes sociales de la salud: una propuesta de variables y marcadores\/indicadores para su medici\u00f3n.<\/p><p>De la Torre-Ugarte-Guanilo M,\u00a0<strong>Oyola-Garc\u00eda A<\/strong>.<\/p><p>Rev. Peru. Epidemiol. 2014;<em>18<\/em>(1), 1-6.<\/p><p><a href=\"https:\/\/www.redalyc.org\/pdf\/2031\/203132677002.pdf\" target=\"_blank\" rel=\"noopener noreferrer\">https:\/\/www.redalyc.org\/pdf\/2031\/203132677002.pdf<\/a>.<\/p><\/td><td width=\"123\">Oyola-Garc\u00eda A.<\/td><\/tr><tr><td width=\"529\"><p>Prevalencia de hipertensi\u00f3n arterial y diabetes en habitantes de Lima y Callao, Per\u00fa.<\/p><p><strong>Revilla L, L\u00f3pez T<\/strong>, S\u00e1nchez S, Yasuda M, Sanjin\u00e9s G.<\/p><p>Rev Peru Med Exp Salud Publica. 2014;31(3):437-44. Spanish.<\/p><p><a href=\"https:\/\/www.scielosp.org\/pdf\/rpmesp\/2014.v31n3\/437-444\/es\" target=\"_blank\" rel=\"noopener noreferrer\">https:\/\/www.scielosp.org\/pdf\/rpmesp\/2014.v31n3\/437-444\/es<\/a>.<\/p><\/td><td width=\"123\">Revilla L, L\u00f3pez T.<\/td><\/tr><\/tbody><\/table><\/div>\n\t\t\t\t\t<\/div><\/div>\t\t\t\t<\/div>\n\t\t\t\t<\/div>\n\t\t\t\t\t<\/div>\n\t\t\t\t<\/div>\n\t\t\t\t<\/div>\n\t\t","protected":false},"excerpt":{"rendered":"<p>\u00bfQu\u00e9 es inteligencia sanitaria? An\u00e1lisis de Situaci\u00f3n de Salud \u2013 ASIS An\u00e1lisis de Situaci\u00f3n de Salud (ASIS) Indicadores b\u00e1sicos de salud Observatorio de determinantes y desigualdades en Salud Investigaci\u00f3n y evaluaci\u00f3n \u00bfQue es la Unidad t\u00e9cnica investigaci\u00f3n y evaluaci\u00f3n? Carga de enfermedad Investigaci\u00f3n epidemiol\u00f3gica Evaluaci\u00f3n Capacitaci\u00f3n. Programa de Entrenamiento en Epidemiolog\u00eda de Campo (FETP) FETP [&hellip;]<\/p>\n","protected":false},"author":1,"featured_media":0,"parent":1275,"menu_order":0,"comment_status":"closed","ping_status":"closed","template":"","meta":{"site-sidebar-layout":"default","site-content-layout":"","ast-site-content-layout":"default","site-content-style":"default","site-sidebar-style":"default","ast-global-header-display":"","ast-banner-title-visibility":"","ast-main-header-display":"","ast-hfb-above-header-display":"","ast-hfb-below-header-display":"","ast-hfb-mobile-header-display":"","site-post-title":"disabled","ast-breadcrumbs-content":"","ast-featured-img":"","footer-sml-layout":"","ast-disable-related-posts":"","theme-transparent-header-meta":"","adv-header-id-meta":"","stick-header-meta":"","header-above-stick-meta":"","header-main-stick-meta":"","header-below-stick-meta":"","astra-migrate-meta-layouts":"default","ast-page-background-enabled":"default","ast-page-background-meta":{"desktop":{"background-color":"var(--ast-global-color-4)","background-image":"","background-repeat":"repeat","background-position":"center center","background-size":"auto","background-attachment":"scroll","background-type":"","background-media":"","overlay-type":"","overlay-color":"","overlay-opacity":"","overlay-gradient":""},"tablet":{"background-color":"","background-image":"","background-repeat":"repeat","background-position":"center center","background-size":"auto","background-attachment":"scroll","background-type":"","background-media":"","overlay-type":"","overlay-color":"","overlay-opacity":"","overlay-gradient":""},"mobile":{"background-color":"","background-image":"","background-repeat":"repeat","background-position":"center center","background-size":"auto","background-attachment":"scroll","background-type":"","background-media":"","overlay-type":"","overlay-color":"","overlay-opacity":"","overlay-gradient":""}},"ast-content-background-meta":{"desktop":{"background-color":"var(--ast-global-color-5)","background-image":"","background-repeat":"repeat","background-position":"center center","background-size":"auto","background-attachment":"scroll","background-type":"","background-media":"","overlay-type":"","overlay-color":"","overlay-opacity":"","overlay-gradient":""},"tablet":{"background-color":"var(--ast-global-color-5)","background-image":"","background-repeat":"repeat","background-position":"center center","background-size":"auto","background-attachment":"scroll","background-type":"","background-media":"","overlay-type":"","overlay-color":"","overlay-opacity":"","overlay-gradient":""},"mobile":{"background-color":"var(--ast-global-color-5)","background-image":"","background-repeat":"repeat","background-position":"center center","background-size":"auto","background-attachment":"scroll","background-type":"","background-media":"","overlay-type":"","overlay-color":"","overlay-opacity":"","overlay-gradient":""}},"footnotes":""},"class_list":["post-2762","page","type-page","status-publish","hentry"],"yoast_head":"<!-- This site is optimized with the Yoast SEO Premium plugin v26.6 (Yoast SEO v26.7) - https:\/\/yoast.com\/wordpress\/plugins\/seo\/ -->\n<title>Investigaci\u00f3n epidemiol\u00f3gica - Centro Nacional de Epidemiolog\u00eda Prevenci\u00f3n y Control de Enfermedades<\/title>\n<meta name=\"robots\" content=\"index, follow, max-snippet:-1, max-image-preview:large, max-video-preview:-1\" \/>\n<link rel=\"canonical\" href=\"https:\/\/www.dge.gob.pe\/portalnuevo\/inteligencia-sanitaria\/investigacion-monitoreo-y-evaluacion\/investigacion-epidemiologica\/\" \/>\n<meta property=\"og:locale\" content=\"es_ES\" \/>\n<meta property=\"og:type\" content=\"article\" \/>\n<meta property=\"og:title\" content=\"Investigaci\u00f3n epidemiol\u00f3gica\" \/>\n<meta property=\"og:description\" content=\"\u00bfQu\u00e9 es inteligencia sanitaria? An\u00e1lisis de Situaci\u00f3n de Salud \u2013 ASIS An\u00e1lisis de Situaci\u00f3n de Salud (ASIS) Indicadores b\u00e1sicos de salud Observatorio de determinantes y desigualdades en Salud Investigaci\u00f3n y evaluaci\u00f3n \u00bfQue es la Unidad t\u00e9cnica investigaci\u00f3n y evaluaci\u00f3n? Carga de enfermedad Investigaci\u00f3n epidemiol\u00f3gica Evaluaci\u00f3n Capacitaci\u00f3n. Programa de Entrenamiento en Epidemiolog\u00eda de Campo (FETP) FETP [&hellip;]\" \/>\n<meta property=\"og:url\" content=\"https:\/\/www.dge.gob.pe\/portalnuevo\/inteligencia-sanitaria\/investigacion-monitoreo-y-evaluacion\/investigacion-epidemiologica\/\" \/>\n<meta property=\"og:site_name\" content=\"Centro Nacional de Epidemiolog\u00eda Prevenci\u00f3n y Control de Enfermedades\" \/>\n<meta property=\"article:publisher\" content=\"https:\/\/www.facebook.com\/cdcperuminsa\" \/>\n<meta property=\"article:modified_time\" content=\"2026-03-31T20:28:14+00:00\" \/>\n<meta property=\"og:image\" content=\"https:\/\/www.dge.gob.pe\/portalnuevo\/wp-content\/uploads\/2024\/03\/Mesa-de-trabajo-1-scaled.jpg\" \/>\n\t<meta property=\"og:image:width\" content=\"2560\" \/>\n\t<meta property=\"og:image:height\" content=\"2560\" \/>\n\t<meta property=\"og:image:type\" content=\"image\/jpeg\" \/>\n<meta name=\"twitter:card\" content=\"summary_large_image\" \/>\n<meta name=\"twitter:site\" content=\"@cdc_peru\" \/>\n<meta name=\"twitter:label1\" content=\"Est. reading time\" \/>\n\t<meta name=\"twitter:data1\" content=\"17 minutos\" \/>\n<script type=\"application\/ld+json\" class=\"yoast-schema-graph\">{\"@context\":\"https:\/\/schema.org\",\"@graph\":[{\"@type\":\"WebPage\",\"@id\":\"https:\/\/www.dge.gob.pe\/portalnuevo\/inteligencia-sanitaria\/investigacion-monitoreo-y-evaluacion\/investigacion-epidemiologica\/\",\"url\":\"https:\/\/www.dge.gob.pe\/portalnuevo\/inteligencia-sanitaria\/investigacion-monitoreo-y-evaluacion\/investigacion-epidemiologica\/\",\"name\":\"Investigaci\u00f3n epidemiol\u00f3gica - Centro Nacional de Epidemiolog\u00eda Prevenci\u00f3n y Control de Enfermedades\",\"isPartOf\":{\"@id\":\"https:\/\/www.dge.gob.pe\/portalnuevo\/#website\"},\"primaryImageOfPage\":{\"@id\":\"https:\/\/www.dge.gob.pe\/portalnuevo\/inteligencia-sanitaria\/investigacion-monitoreo-y-evaluacion\/investigacion-epidemiologica\/#primaryimage\"},\"image\":{\"@id\":\"https:\/\/www.dge.gob.pe\/portalnuevo\/inteligencia-sanitaria\/investigacion-monitoreo-y-evaluacion\/investigacion-epidemiologica\/#primaryimage\"},\"thumbnailUrl\":\"https:\/\/www.dge.gob.pe\/portalnuevo\/wp-content\/uploads\/2024\/03\/Mesa-de-trabajo-1-1024x1024.jpg\",\"datePublished\":\"2024-02-09T17:12:13+00:00\",\"dateModified\":\"2026-03-31T20:28:14+00:00\",\"breadcrumb\":{\"@id\":\"https:\/\/www.dge.gob.pe\/portalnuevo\/inteligencia-sanitaria\/investigacion-monitoreo-y-evaluacion\/investigacion-epidemiologica\/#breadcrumb\"},\"inLanguage\":\"es-PE\",\"potentialAction\":[{\"@type\":\"ReadAction\",\"target\":[\"https:\/\/www.dge.gob.pe\/portalnuevo\/inteligencia-sanitaria\/investigacion-monitoreo-y-evaluacion\/investigacion-epidemiologica\/\"]}]},{\"@type\":\"ImageObject\",\"inLanguage\":\"es-PE\",\"@id\":\"https:\/\/www.dge.gob.pe\/portalnuevo\/inteligencia-sanitaria\/investigacion-monitoreo-y-evaluacion\/investigacion-epidemiologica\/#primaryimage\",\"url\":\"https:\/\/www.dge.gob.pe\/portalnuevo\/wp-content\/uploads\/2024\/03\/Mesa-de-trabajo-1-scaled.jpg\",\"contentUrl\":\"https:\/\/www.dge.gob.pe\/portalnuevo\/wp-content\/uploads\/2024\/03\/Mesa-de-trabajo-1-scaled.jpg\",\"width\":2560,\"height\":2560},{\"@type\":\"BreadcrumbList\",\"@id\":\"https:\/\/www.dge.gob.pe\/portalnuevo\/inteligencia-sanitaria\/investigacion-monitoreo-y-evaluacion\/investigacion-epidemiologica\/#breadcrumb\",\"itemListElement\":[{\"@type\":\"ListItem\",\"position\":1,\"name\":\"Portada\",\"item\":\"https:\/\/www.dge.gob.pe\/portalnuevo\/\"},{\"@type\":\"ListItem\",\"position\":2,\"name\":\"Inteligencia Sanitaria\",\"item\":\"https:\/\/www.dge.gob.pe\/portalnuevo\/inteligencia-sanitaria\/\"},{\"@type\":\"ListItem\",\"position\":3,\"name\":\"Investigaci\u00f3n, monitoreo y evaluaci\u00f3n\",\"item\":\"https:\/\/www.dge.gob.pe\/portalnuevo\/?page_id=1275\"},{\"@type\":\"ListItem\",\"position\":4,\"name\":\"Investigaci\u00f3n epidemiol\u00f3gica\"}]},{\"@type\":\"WebSite\",\"@id\":\"https:\/\/www.dge.gob.pe\/portalnuevo\/#website\",\"url\":\"https:\/\/www.dge.gob.pe\/portalnuevo\/\",\"name\":\"Centro Nacional de Epidemiolog\u00eda Prevenci\u00f3n y Control de Enfermedades\",\"description\":\"\",\"publisher\":{\"@id\":\"https:\/\/www.dge.gob.pe\/portalnuevo\/#organization\"},\"potentialAction\":[{\"@type\":\"SearchAction\",\"target\":{\"@type\":\"EntryPoint\",\"urlTemplate\":\"https:\/\/www.dge.gob.pe\/portalnuevo\/?s={search_term_string}\"},\"query-input\":{\"@type\":\"PropertyValueSpecification\",\"valueRequired\":true,\"valueName\":\"search_term_string\"}}],\"inLanguage\":\"es-PE\"},{\"@type\":\"Organization\",\"@id\":\"https:\/\/www.dge.gob.pe\/portalnuevo\/#organization\",\"name\":\"Centro Nacional de Epidemiolog\u00eda Prevenci\u00f3n y Control de Enfermedades\",\"url\":\"https:\/\/www.dge.gob.pe\/portalnuevo\/\",\"logo\":{\"@type\":\"ImageObject\",\"inLanguage\":\"es-PE\",\"@id\":\"https:\/\/www.dge.gob.pe\/portalnuevo\/#\/schema\/logo\/image\/\",\"url\":\"https:\/\/www.dge.gob.pe\/portalnuevo\/wp-content\/uploads\/2023\/03\/logo_cdc.jpeg\",\"contentUrl\":\"https:\/\/www.dge.gob.pe\/portalnuevo\/wp-content\/uploads\/2023\/03\/logo_cdc.jpeg\",\"width\":1280,\"height\":127,\"caption\":\"Centro Nacional de Epidemiolog\u00eda Prevenci\u00f3n y Control de Enfermedades\"},\"image\":{\"@id\":\"https:\/\/www.dge.gob.pe\/portalnuevo\/#\/schema\/logo\/image\/\"},\"sameAs\":[\"https:\/\/www.facebook.com\/cdcperuminsa\",\"https:\/\/x.com\/cdc_peru\",\"https:\/\/www.youtube.com\/cdcperu\"]}]}<\/script>\n<!-- \/ Yoast SEO Premium plugin. -->","yoast_head_json":{"title":"Investigaci\u00f3n epidemiol\u00f3gica - Centro Nacional de Epidemiolog\u00eda Prevenci\u00f3n y Control de Enfermedades","robots":{"index":"index","follow":"follow","max-snippet":"max-snippet:-1","max-image-preview":"max-image-preview:large","max-video-preview":"max-video-preview:-1"},"canonical":"https:\/\/www.dge.gob.pe\/portalnuevo\/inteligencia-sanitaria\/investigacion-monitoreo-y-evaluacion\/investigacion-epidemiologica\/","og_locale":"es_ES","og_type":"article","og_title":"Investigaci\u00f3n epidemiol\u00f3gica","og_description":"\u00bfQu\u00e9 es inteligencia sanitaria? An\u00e1lisis de Situaci\u00f3n de Salud \u2013 ASIS An\u00e1lisis de Situaci\u00f3n de Salud (ASIS) Indicadores b\u00e1sicos de salud Observatorio de determinantes y desigualdades en Salud Investigaci\u00f3n y evaluaci\u00f3n \u00bfQue es la Unidad t\u00e9cnica investigaci\u00f3n y evaluaci\u00f3n? Carga de enfermedad Investigaci\u00f3n epidemiol\u00f3gica Evaluaci\u00f3n Capacitaci\u00f3n. Programa de Entrenamiento en Epidemiolog\u00eda de Campo (FETP) FETP [&hellip;]","og_url":"https:\/\/www.dge.gob.pe\/portalnuevo\/inteligencia-sanitaria\/investigacion-monitoreo-y-evaluacion\/investigacion-epidemiologica\/","og_site_name":"Centro Nacional de Epidemiolog\u00eda Prevenci\u00f3n y Control de Enfermedades","article_publisher":"https:\/\/www.facebook.com\/cdcperuminsa","article_modified_time":"2026-03-31T20:28:14+00:00","og_image":[{"width":2560,"height":2560,"url":"https:\/\/www.dge.gob.pe\/portalnuevo\/wp-content\/uploads\/2024\/03\/Mesa-de-trabajo-1-scaled.jpg","type":"image\/jpeg"}],"twitter_card":"summary_large_image","twitter_site":"@cdc_peru","twitter_misc":{"Est. reading time":"17 minutos"},"schema":{"@context":"https:\/\/schema.org","@graph":[{"@type":"WebPage","@id":"https:\/\/www.dge.gob.pe\/portalnuevo\/inteligencia-sanitaria\/investigacion-monitoreo-y-evaluacion\/investigacion-epidemiologica\/","url":"https:\/\/www.dge.gob.pe\/portalnuevo\/inteligencia-sanitaria\/investigacion-monitoreo-y-evaluacion\/investigacion-epidemiologica\/","name":"Investigaci\u00f3n epidemiol\u00f3gica - Centro Nacional de Epidemiolog\u00eda Prevenci\u00f3n y Control de Enfermedades","isPartOf":{"@id":"https:\/\/www.dge.gob.pe\/portalnuevo\/#website"},"primaryImageOfPage":{"@id":"https:\/\/www.dge.gob.pe\/portalnuevo\/inteligencia-sanitaria\/investigacion-monitoreo-y-evaluacion\/investigacion-epidemiologica\/#primaryimage"},"image":{"@id":"https:\/\/www.dge.gob.pe\/portalnuevo\/inteligencia-sanitaria\/investigacion-monitoreo-y-evaluacion\/investigacion-epidemiologica\/#primaryimage"},"thumbnailUrl":"https:\/\/www.dge.gob.pe\/portalnuevo\/wp-content\/uploads\/2024\/03\/Mesa-de-trabajo-1-1024x1024.jpg","datePublished":"2024-02-09T17:12:13+00:00","dateModified":"2026-03-31T20:28:14+00:00","breadcrumb":{"@id":"https:\/\/www.dge.gob.pe\/portalnuevo\/inteligencia-sanitaria\/investigacion-monitoreo-y-evaluacion\/investigacion-epidemiologica\/#breadcrumb"},"inLanguage":"es-PE","potentialAction":[{"@type":"ReadAction","target":["https:\/\/www.dge.gob.pe\/portalnuevo\/inteligencia-sanitaria\/investigacion-monitoreo-y-evaluacion\/investigacion-epidemiologica\/"]}]},{"@type":"ImageObject","inLanguage":"es-PE","@id":"https:\/\/www.dge.gob.pe\/portalnuevo\/inteligencia-sanitaria\/investigacion-monitoreo-y-evaluacion\/investigacion-epidemiologica\/#primaryimage","url":"https:\/\/www.dge.gob.pe\/portalnuevo\/wp-content\/uploads\/2024\/03\/Mesa-de-trabajo-1-scaled.jpg","contentUrl":"https:\/\/www.dge.gob.pe\/portalnuevo\/wp-content\/uploads\/2024\/03\/Mesa-de-trabajo-1-scaled.jpg","width":2560,"height":2560},{"@type":"BreadcrumbList","@id":"https:\/\/www.dge.gob.pe\/portalnuevo\/inteligencia-sanitaria\/investigacion-monitoreo-y-evaluacion\/investigacion-epidemiologica\/#breadcrumb","itemListElement":[{"@type":"ListItem","position":1,"name":"Portada","item":"https:\/\/www.dge.gob.pe\/portalnuevo\/"},{"@type":"ListItem","position":2,"name":"Inteligencia Sanitaria","item":"https:\/\/www.dge.gob.pe\/portalnuevo\/inteligencia-sanitaria\/"},{"@type":"ListItem","position":3,"name":"Investigaci\u00f3n, monitoreo y evaluaci\u00f3n","item":"https:\/\/www.dge.gob.pe\/portalnuevo\/?page_id=1275"},{"@type":"ListItem","position":4,"name":"Investigaci\u00f3n epidemiol\u00f3gica"}]},{"@type":"WebSite","@id":"https:\/\/www.dge.gob.pe\/portalnuevo\/#website","url":"https:\/\/www.dge.gob.pe\/portalnuevo\/","name":"Centro Nacional de Epidemiolog\u00eda Prevenci\u00f3n y Control de Enfermedades","description":"","publisher":{"@id":"https:\/\/www.dge.gob.pe\/portalnuevo\/#organization"},"potentialAction":[{"@type":"SearchAction","target":{"@type":"EntryPoint","urlTemplate":"https:\/\/www.dge.gob.pe\/portalnuevo\/?s={search_term_string}"},"query-input":{"@type":"PropertyValueSpecification","valueRequired":true,"valueName":"search_term_string"}}],"inLanguage":"es-PE"},{"@type":"Organization","@id":"https:\/\/www.dge.gob.pe\/portalnuevo\/#organization","name":"Centro Nacional de Epidemiolog\u00eda Prevenci\u00f3n y Control de Enfermedades","url":"https:\/\/www.dge.gob.pe\/portalnuevo\/","logo":{"@type":"ImageObject","inLanguage":"es-PE","@id":"https:\/\/www.dge.gob.pe\/portalnuevo\/#\/schema\/logo\/image\/","url":"https:\/\/www.dge.gob.pe\/portalnuevo\/wp-content\/uploads\/2023\/03\/logo_cdc.jpeg","contentUrl":"https:\/\/www.dge.gob.pe\/portalnuevo\/wp-content\/uploads\/2023\/03\/logo_cdc.jpeg","width":1280,"height":127,"caption":"Centro Nacional de Epidemiolog\u00eda Prevenci\u00f3n y Control de Enfermedades"},"image":{"@id":"https:\/\/www.dge.gob.pe\/portalnuevo\/#\/schema\/logo\/image\/"},"sameAs":["https:\/\/www.facebook.com\/cdcperuminsa","https:\/\/x.com\/cdc_peru","https:\/\/www.youtube.com\/cdcperu"]}]}},"_links":{"self":[{"href":"https:\/\/www.dge.gob.pe\/portalnuevo\/wp-json\/wp\/v2\/pages\/2762","targetHints":{"allow":["GET"]}}],"collection":[{"href":"https:\/\/www.dge.gob.pe\/portalnuevo\/wp-json\/wp\/v2\/pages"}],"about":[{"href":"https:\/\/www.dge.gob.pe\/portalnuevo\/wp-json\/wp\/v2\/types\/page"}],"author":[{"embeddable":true,"href":"https:\/\/www.dge.gob.pe\/portalnuevo\/wp-json\/wp\/v2\/users\/1"}],"replies":[{"embeddable":true,"href":"https:\/\/www.dge.gob.pe\/portalnuevo\/wp-json\/wp\/v2\/comments?post=2762"}],"version-history":[{"count":190,"href":"https:\/\/www.dge.gob.pe\/portalnuevo\/wp-json\/wp\/v2\/pages\/2762\/revisions"}],"predecessor-version":[{"id":13785,"href":"https:\/\/www.dge.gob.pe\/portalnuevo\/wp-json\/wp\/v2\/pages\/2762\/revisions\/13785"}],"up":[{"embeddable":true,"href":"https:\/\/www.dge.gob.pe\/portalnuevo\/wp-json\/wp\/v2\/pages\/1275"}],"wp:attachment":[{"href":"https:\/\/www.dge.gob.pe\/portalnuevo\/wp-json\/wp\/v2\/media?parent=2762"}],"curies":[{"name":"wp","href":"https:\/\/api.w.org\/{rel}","templated":true}]}}